{"id":1026,"date":"2017-10-29T16:31:41","date_gmt":"2017-10-29T16:31:41","guid":{"rendered":"http:\/\/www.wallamascotas.com\/web3\/?post_type=product&#038;p=1026"},"modified":"2026-03-25T18:20:09","modified_gmt":"2026-03-25T18:20:09","slug":"bruma-5-meses-albacete","status":"publish","type":"product","link":"https:\/\/www.wallamascotas.com\/web3\/mascota\/bruma-5-meses-albacete\/","title":{"rendered":"BRUMA \u2013 5 MESES"},"content":{"rendered":"<p><span style=\"color: #33cccc; font-size: 130%;\"><strong>ADOPTADA<\/strong><\/span><\/p>\n<p style=\"text-align: justify;\">Bruma tiene 5 meses, es hembrita y un encanto. Es mimosona y juguetona, como buena cachorrilla (adem\u00e1s de preciosa, como puede observarse en la foto).<\/p>\n<p style=\"text-align: justify;\">\u00bfSu historia? Hace casi dos semanas la peque\u00f1a fue encontrada en el patio de una casa. Estaba en buen estado pero cojeaba de una de sus patitas, por lo que pensamos que ten\u00eda familia y que al explorar por la zona se cay\u00f3 de la tapia que rodeaba el patio, haci\u00e9ndose da\u00f1o y, por ende, no pudiendo volver a salir.<\/p>\n<p style=\"text-align: justify;\">En ese momento se contact\u00f3 con quien cre\u00edamos que era su familia, pero tras esto no ha sido reclamada y nadie ha ido a recogerla. Por lo tanto, Bruma pasa a estar bajo la tutela de Santa Clara y se encuentra en adopci\u00f3n.<\/p>\n<p style=\"text-align: justify;\">Est\u00e1 en Tobarra (Albacete), pero puede viajar. Para adoptarla es necesario cumplimentar un cuestionario preadopci\u00f3n y un contrato de adopci\u00f3n con compromiso de castraci\u00f3n.<\/p>\n","protected":false},"excerpt":{"rendered":"<p style=\"text-align: justify;\"><span style=\"color: #33cccc;\"><strong>ADOPTADA.<\/strong><\/span> Es un encanto<\/p>\n","protected":false},"featured_media":1027,"template":"","meta":{"_acf_changed":false},"product_brand":[],"product_cat":[51,1000],"product_tag":[],"class_list":{"0":"post-1026","1":"product","2":"type-product","3":"status-publish","4":"has-post-thumbnail","6":"product_cat-adoptados","7":"product_cat-adoptar-perro-gato-adoptar-mascota-es","8":"pa_fecha_nacimiento-5-meses","9":"pa_fecha-alta-277","10":"pa_provincia-albacete","11":"pa_sexo-hembra","13":"first","14":"instock","15":"taxable","16":"shipping-taxable","17":"product-type-simple"},"acf":[],"_links":{"self":[{"href":"https:\/\/www.wallamascotas.com\/web3\/wp-json\/wp\/v2\/product\/1026","targetHints":{"allow":["GET"]}}],"collection":[{"href":"https:\/\/www.wallamascotas.com\/web3\/wp-json\/wp\/v2\/product"}],"about":[{"href":"https:\/\/www.wallamascotas.com\/web3\/wp-json\/wp\/v2\/types\/product"}],"wp:featuredmedia":[{"embeddable":true,"href":"https:\/\/www.wallamascotas.com\/web3\/wp-json\/wp\/v2\/media\/1027"}],"wp:attachment":[{"href":"https:\/\/www.wallamascotas.com\/web3\/wp-json\/wp\/v2\/media?parent=1026"}],"wp:term":[{"taxonomy":"product_brand","embeddable":true,"href":"https:\/\/www.wallamascotas.com\/web3\/wp-json\/wp\/v2\/product_brand?post=1026"},{"taxonomy":"product_cat","embeddable":true,"href":"https:\/\/www.wallamascotas.com\/web3\/wp-json\/wp\/v2\/product_cat?post=1026"},{"taxonomy":"product_tag","embeddable":true,"href":"https:\/\/www.wallamascotas.com\/web3\/wp-json\/wp\/v2\/product_tag?post=1026"}],"curies":[{"name":"wp","href":"https:\/\/api.w.org\/{rel}","templated":true}]}}