{"id":1288,"date":"2017-11-02T23:07:49","date_gmt":"2017-11-02T23:07:49","guid":{"rendered":"http:\/\/www.wallamascotas.com\/web3\/?post_type=product&#038;p=1288"},"modified":"2026-03-25T18:20:09","modified_gmt":"2026-03-25T18:20:09","slug":"machi-8-anos-castellon","status":"publish","type":"product","link":"https:\/\/www.wallamascotas.com\/web3\/mascota\/machi-8-anos-castellon\/","title":{"rendered":"MACHI \u2013 8 A\u00d1OS"},"content":{"rendered":"<p><span style=\"color: #33cccc; font-size: 130%;\"><strong>ADOPTADA<\/strong><\/span><\/p>\n<p style=\"text-align: justify;\">Me llamo Machi y tengo 7 a\u00f1os, 7 a\u00f1os viviendo con mi due\u00f1a, donde era feliz, porque siempre la ve\u00eda y yo con eso era feliz. Pero ella se puso malita y yo de verla as\u00ed tambi\u00e9n estaba triste, pero notaba como hablaban de mi, como dec\u00edan que iban hacer conmigo, que yo ya no pod\u00eda seguir all\u00ed, ten\u00eda tanto miedo a que me abandonaran &#8230; llego el d\u00eda en que la familia de mi due\u00f1a, me subieron en un coche, lleguemos a un sitio, donde s\u00f3lo hab\u00edan jaulas, donde todos lloran, donde la gente lo llama perrera y yo s\u00f3lo hacia que llorar, pidiendo que por favor no me dejaran all\u00ed, pero a\u00fan as\u00ed igual lo hicieron, all\u00ed me dejaron con un chico Que con una cuerda de ahorque me meti\u00f3 en esa triste jaula y ya nunca m\u00e1s volv\u00ed a ver a mi due\u00f1a. Llevo encerrado desde el 28-06-2017, sin salir de la jaula, sin caricias, bueno caricias cuando vienen dos chicas y un chico, que siempre me dicen cosas bonitas, y yo me apoyo en la jaula para que me rasquen la cabeza, ya que me encanta que lo hagan. Los veo siempre tristes, porque se que les duele que estemos all\u00ed dentro, pero ellos no pueden salvarnos a todos. Dicen que me estoy quedando muy delgadito, que cada vez estoy m\u00e1s triste, Que lo tengo dif\u00edcil porque soy grande y negro, pero a\u00fan as\u00ed ellos no pierden la esperanza. Por favor ayudarme a salir de aqu\u00ed, os prometo que ser\u00e9 Bueno, nunca en la vida os fallare y os querre mucho tambi\u00e9n. Soy un cruce de galgo, Pero claro como soy mestizo otra cosa que tengo en mi contra, ya que tambi\u00e9n lo escuchado. Pero bueno espero que alg\u00fan d\u00eda alguien me quiera, y espero que me difundais ,y as\u00ed igual en alg\u00fan lugar esta esa familia que se enamore de mi, as\u00ed que me ayud\u00e1is a buscarme una familia?<br \/>\nCastell\u00f3n<\/p>\n","protected":false},"excerpt":{"rendered":"<p style=\"text-align: justify;\"><span style=\"color: #33cccc;\"><strong>ADOPTADA.<\/strong><\/span> Mi due\u00f1a se puso malita y busco otro hogar<\/p>\n","protected":false},"featured_media":1289,"template":"","meta":{"_acf_changed":false},"product_brand":[],"product_cat":[51,1000],"product_tag":[],"class_list":{"0":"post-1288","1":"product","2":"type-product","3":"status-publish","4":"has-post-thumbnail","6":"product_cat-adoptados","7":"product_cat-adoptar-perro-gato-adoptar-mascota-es","8":"pa_chip-si","9":"pa_fecha_nacimiento-8-anos","10":"pa_fecha-alta-332","11":"pa_provincia-castellon","12":"pa_tamano-d","14":"first","15":"instock","16":"taxable","17":"shipping-taxable","18":"product-type-simple"},"acf":[],"_links":{"self":[{"href":"https:\/\/www.wallamascotas.com\/web3\/wp-json\/wp\/v2\/product\/1288","targetHints":{"allow":["GET"]}}],"collection":[{"href":"https:\/\/www.wallamascotas.com\/web3\/wp-json\/wp\/v2\/product"}],"about":[{"href":"https:\/\/www.wallamascotas.com\/web3\/wp-json\/wp\/v2\/types\/product"}],"wp:featuredmedia":[{"embeddable":true,"href":"https:\/\/www.wallamascotas.com\/web3\/wp-json\/wp\/v2\/media\/1289"}],"wp:attachment":[{"href":"https:\/\/www.wallamascotas.com\/web3\/wp-json\/wp\/v2\/media?parent=1288"}],"wp:term":[{"taxonomy":"product_brand","embeddable":true,"href":"https:\/\/www.wallamascotas.com\/web3\/wp-json\/wp\/v2\/product_brand?post=1288"},{"taxonomy":"product_cat","embeddable":true,"href":"https:\/\/www.wallamascotas.com\/web3\/wp-json\/wp\/v2\/product_cat?post=1288"},{"taxonomy":"product_tag","embeddable":true,"href":"https:\/\/www.wallamascotas.com\/web3\/wp-json\/wp\/v2\/product_tag?post=1288"}],"curies":[{"name":"wp","href":"https:\/\/api.w.org\/{rel}","templated":true}]}}