{"id":46738,"date":"2025-09-02T14:44:55","date_gmt":"2025-09-02T14:44:55","guid":{"rendered":"https:\/\/www.wallamascotas.com\/web3\/?post_type=product&#038;p=46738"},"modified":"2025-09-02T14:44:56","modified_gmt":"2025-09-02T14:44:56","slug":"kitty-cordoba","status":"publish","type":"product","link":"https:\/\/www.wallamascotas.com\/web3\/mascota\/kitty-cordoba\/","title":{"rendered":"KITTY"},"content":{"rendered":"<p>\u2219\u2219\u00b7\ud83c\udf3c\u25ab\u1d52\u1d3c\u1d52\u2729\ud835\uddde\ud835\udddc\ud835\udde7\ud835\udde7\ud835\uddec\u2729\u1d52\u1d3c\u1d52\u25ab\ud83c\udf3c\u00b7\u2219\u2219<\/p>\n<p>A sus 6 a\u00f1os de edad ha cambiado la situaci\u00f3n personal de su due\u00f1o y ya no puede seguir cuidando de sus dos gatitas, Kitty y Bella<\/p>\n<p>KITTY es muy buena, sociable y cari\u00f1osa, le gusta que la cojan en brazos Compatible con perros .<\/p>\n<p>Si quieres que Kitty forme parte de tu Familia, contacta con nosotras y te informamos sin compromiso<\/p>\n<p>\u27a1\ufe0f\ud83d\udd38IMPRESCINDIBLE protecciones en las ventanas y salidas al exterior, previo a la adopci\u00f3n independientemente de la planta en la que est\u00e9 situada \ud83d\udd38\u2b05\ufe0f<\/p>\n<p><a href=\"https:\/\/www.wallamascotas.com\/web3\/wp-content\/uploads\/2025\/09\/1000019997.jpg\"><img decoding=\"async\" class=\"attachment-thumbnail size-thumbnail\" src=\"https:\/\/www.wallamascotas.com\/web3\/wp-content\/uploads\/2025\/09\/1000019997-150x150.jpg\" alt=\"\" \/><\/a><a href=\"https:\/\/www.wallamascotas.com\/web3\/wp-content\/uploads\/2025\/09\/1000020013.jpg\"><img decoding=\"async\" class=\"attachment-thumbnail size-thumbnail\" src=\"https:\/\/www.wallamascotas.com\/web3\/wp-content\/uploads\/2025\/09\/1000020013-150x150.jpg\" alt=\"\" \/><\/a><a href=\"https:\/\/www.wallamascotas.com\/web3\/wp-content\/uploads\/2025\/09\/1000018749.jpg\"><img decoding=\"async\" class=\"attachment-thumbnail size-thumbnail\" src=\"https:\/\/www.wallamascotas.com\/web3\/wp-content\/uploads\/2025\/09\/1000018749-150x150.jpg\" alt=\"\" \/><\/a><\/p>\n<ul class=\"wpuf_customs\">            <li class=\"wpuf-field-data wpuf-field-data-radio_field\">\n                                    <label>Tipo:<\/label>\n                                Gato            <\/li>\n                    <li class=\"wpuf-field-data wpuf-field-data-radio_field\">\n                                    <label>Es un perro:<\/label>\n                                Cari\u00f1oso            <\/li>\n                    <li class=\"wpuf-field-data wpuf-field-data-radio_field\">\n                                    <label>Amigable con perros:<\/label>\n                                Desconocido            <\/li>\n                    <li class=\"wpuf-field-data wpuf-field-data-radio_field\">\n                                    <label>Con personas extra\u00f1as:<\/label>\n                                Desconocido            <\/li>\n                    <li class=\"wpuf-field-data wpuf-field-data-radio_field\">\n                                    <label>Ladrador:<\/label>\n                                Desconocido            <\/li>\n                    <li class=\"wpuf-field-data wpuf-field-data-radio_field\">\n                                    <label>Necesita licencia PPP:<\/label>\n                                NO            <\/li>\n                    <li class=\"wpuf-field-data wpuf-field-data-checkbox_field\">\n                                    <label>Enfermedades:<\/label>\n                                Ninguna            <\/li>\n                    <li class=\"wpuf-field-data wpuf-field-data-checkbox_field\">\n                                    <label>Se entrega:<\/label>\n                                Con cartilla sanitaria | Vacunado | Esterilizado | Desparasitado | Microchip            <\/li>\n                    <li class=\"wpuf-field-data wpuf-field-data-checkbox_field\">\n                                    <label>M\u00e1s informaci\u00f3n:<\/label>\n                                Bueno con perros | Bueno con gatos | Bueno con ni\u00f1os | Bueno en casa            <\/li>\n                    <li class=\"wpuf-field-data wpuf-field-data-radio_field\">\n                                    <label>Se env\u00eda la mascota:<\/label>\n                                SI            <\/li>\n                    <li class=\"wpuf-field-data wpuf-field-data-radio_field\">\n                                    <label>En caso de env\u00edo, detallar:<\/label>\n                                A otra CCAA espa\u00f1ola            <\/li>\n                    <li class=\"wpuf-field-data wpuf-field-data-radio_field\">\n                                    <label>Origen:<\/label>\n                                Asociaci\u00f3n            <\/li>\n        <li><label>Fecha de publicaci\u00f3n:<\/label> 02\/09\/2025 00:00<\/li>            <li class=\"wpuf-field-data wpuf-field-data-radio_field\">\n                                    <label>La mascota ha sido adoptada:<\/label>\n                                NO            <\/li>\n                    <li class=\"wpuf-field-data wpuf-field-data-email_address\">\n                                    <label>Direcci\u00f3n de correo:<\/label>\n                                <a href=\"mailto:asociacionrescatadoscordoba@gmail.com\">asociacionrescatadoscordoba@gmail.com<\/a>            <\/li>\n                    <li class=\"wpuf-field-data wpuf-field-data-numeric_text_field\">\n                                    <label>Tel\u00e9fono:<\/label>\n                                666740292            <\/li>\n        <\/ul>","protected":false},"excerpt":{"rendered":"<p>\u2219\u2219\u00b7\ud83c\udf3c\u25ab\u1d52\u1d3c\u1d52\u2729\ud835\uddde\ud835\udddc\ud835\udde7\ud835\udde7\ud835\uddec\u2729\u1d52\u1d3c\u1d52\u25ab\ud83c\udf3c\u00b7\u2219\u2219 A sus 6 a\u00f1os de edad ha cambiado la situaci\u00f3n personal de su due\u00f1o y ya no puede seguir cuidando de sus dos gatitas, Kitty y Bella KITTY es muy buena, sociable y cari\u00f1osa, le gusta que la cojan en brazos Compatible con perros . Si quieres que Kitty forme parte de tu Familia, [&#8230;]\n","protected":false},"featured_media":46735,"template":"","meta":{"_acf_changed":false},"product_brand":[],"product_cat":[16,1000],"product_tag":[],"class_list":{"0":"post-46738","1":"product","2":"type-product","3":"status-publish","4":"has-post-thumbnail","6":"product_cat-adoptargato","7":"product_cat-adoptar-perro-gato-adoptar-mascota-es","8":"pa_edad-b","9":"pa_fecha-nacimiento-ano-3398","10":"pa_fecha-nacimiento-mes-03-marzo","11":"pa_origen-asociacion-rescatados-cordoba","12":"pa_provincia-cordoba","13":"pa_raza-gato-siames","14":"pa_sexo-hembra","15":"pa_tamano-b","17":"first","18":"instock","19":"taxable","20":"shipping-taxable","21":"product-type-simple"},"acf":[],"_links":{"self":[{"href":"https:\/\/www.wallamascotas.com\/web3\/wp-json\/wp\/v2\/product\/46738","targetHints":{"allow":["GET"]}}],"collection":[{"href":"https:\/\/www.wallamascotas.com\/web3\/wp-json\/wp\/v2\/product"}],"about":[{"href":"https:\/\/www.wallamascotas.com\/web3\/wp-json\/wp\/v2\/types\/product"}],"wp:featuredmedia":[{"embeddable":true,"href":"https:\/\/www.wallamascotas.com\/web3\/wp-json\/wp\/v2\/media\/46735"}],"wp:attachment":[{"href":"https:\/\/www.wallamascotas.com\/web3\/wp-json\/wp\/v2\/media?parent=46738"}],"wp:term":[{"taxonomy":"product_brand","embeddable":true,"href":"https:\/\/www.wallamascotas.com\/web3\/wp-json\/wp\/v2\/product_brand?post=46738"},{"taxonomy":"product_cat","embeddable":true,"href":"https:\/\/www.wallamascotas.com\/web3\/wp-json\/wp\/v2\/product_cat?post=46738"},{"taxonomy":"product_tag","embeddable":true,"href":"https:\/\/www.wallamascotas.com\/web3\/wp-json\/wp\/v2\/product_tag?post=46738"}],"curies":[{"name":"wp","href":"https:\/\/api.w.org\/{rel}","templated":true}]}}