{"id":48347,"date":"2025-11-18T09:57:13","date_gmt":"2025-11-18T09:57:13","guid":{"rendered":"https:\/\/www.wallamascotas.com\/web3\/?post_type=product&#038;p=48347"},"modified":"2025-11-18T09:57:14","modified_gmt":"2025-11-18T09:57:14","slug":"troska","status":"publish","type":"product","link":"https:\/\/www.wallamascotas.com\/web3\/mascota\/troska\/","title":{"rendered":"TROSKA"},"content":{"rendered":"<p><a href=\"https:\/\/www.wallamascotas.com\/web3\/wp-content\/uploads\/2025\/11\/u2791-Imagen-de-WhatsApp-2025-11-15-a-las-11.18.34_cdc92f78.jpg\"><img decoding=\"async\" class=\"attachment-thumbnail size-thumbnail\" src=\"https:\/\/www.wallamascotas.com\/web3\/wp-content\/uploads\/2025\/11\/u2791-Imagen-de-WhatsApp-2025-11-15-a-las-11.18.34_cdc92f78-150x150.jpg\" alt=\"\" \/><\/a><a href=\"https:\/\/www.wallamascotas.com\/web3\/wp-content\/uploads\/2025\/11\/u2791-Imagen-de-WhatsApp-2025-11-15-a-las-11.18.33_f819b919.jpg\"><img decoding=\"async\" class=\"attachment-thumbnail size-thumbnail\" src=\"https:\/\/www.wallamascotas.com\/web3\/wp-content\/uploads\/2025\/11\/u2791-Imagen-de-WhatsApp-2025-11-15-a-las-11.18.33_f819b919-150x150.jpg\" alt=\"\" \/><\/a><a href=\"https:\/\/www.wallamascotas.com\/web3\/wp-content\/uploads\/2025\/11\/u2791-Imagen-de-WhatsApp-2025-11-15-a-las-11.18.33_88e5b06f.jpg\"><img decoding=\"async\" class=\"attachment-thumbnail size-thumbnail\" src=\"https:\/\/www.wallamascotas.com\/web3\/wp-content\/uploads\/2025\/11\/u2791-Imagen-de-WhatsApp-2025-11-15-a-las-11.18.33_88e5b06f-150x150.jpg\" alt=\"\" \/><\/a><a href=\"https:\/\/www.wallamascotas.com\/web3\/wp-content\/uploads\/2025\/11\/u2791-Imagen-de-WhatsApp-2025-11-15-a-las-11.18.35_8ce63272-1.jpg\"><img decoding=\"async\" class=\"attachment-thumbnail size-thumbnail\" src=\"https:\/\/www.wallamascotas.com\/web3\/wp-content\/uploads\/2025\/11\/u2791-Imagen-de-WhatsApp-2025-11-15-a-las-11.18.35_8ce63272-1-150x150.jpg\" alt=\"\" \/><\/a><a href=\"https:\/\/www.wallamascotas.com\/web3\/wp-content\/uploads\/2025\/11\/u2791-Imagen-de-WhatsApp-2025-11-15-a-las-11.18.34_3ba0b592.jpg\"><img decoding=\"async\" class=\"attachment-thumbnail size-thumbnail\" src=\"https:\/\/www.wallamascotas.com\/web3\/wp-content\/uploads\/2025\/11\/u2791-Imagen-de-WhatsApp-2025-11-15-a-las-11.18.34_3ba0b592-150x150.jpg\" alt=\"\" \/><\/a><a href=\"https:\/\/www.wallamascotas.com\/web3\/wp-content\/uploads\/2025\/11\/u2791-Imagen-de-WhatsApp-2025-11-15-a-las-11.18.33_e1688268.jpg\"><img decoding=\"async\" class=\"attachment-thumbnail size-thumbnail\" src=\"https:\/\/www.wallamascotas.com\/web3\/wp-content\/uploads\/2025\/11\/u2791-Imagen-de-WhatsApp-2025-11-15-a-las-11.18.33_e1688268-150x150.jpg\" alt=\"\" \/><\/a><a href=\"https:\/\/www.wallamascotas.com\/web3\/wp-content\/uploads\/2025\/11\/u2791-Imagen-de-WhatsApp-2025-11-15-a-las-11.18.34_147e6f0e.jpg\"><img decoding=\"async\" class=\"attachment-thumbnail size-thumbnail\" src=\"https:\/\/www.wallamascotas.com\/web3\/wp-content\/uploads\/2025\/11\/u2791-Imagen-de-WhatsApp-2025-11-15-a-las-11.18.34_147e6f0e-150x150.jpg\" alt=\"\" \/><\/a><\/p>\n<p>Soy Troska, la perra m\u00e1s veterana del refugio y nadie entiende como sigo aqu\u00ed.<\/p>\n<p>Llegu\u00e9 de una situaci\u00f3n bastante cr\u00edtica, mi antiguo due\u00f1o me ten\u00eda en una finca a mi suerte y me tiraban comida a trav\u00e9s de una escalera. Estaba en muy mala forma f\u00edsica y en una finca llena de basura y en una condiciones nefastas.<\/p>\n<p>Rescue me sac\u00f3 justo a tiempo de esa situaci\u00f3n, ya que el que era mi due\u00f1o me quer\u00eda scrificar.<\/p>\n<p>Llegu\u00e9 con mucho miedo, nunca hab\u00eda socializado con humanos ni con otros perros, pero con trabajo y la dedicaci\u00f3n de los voluntarios ahora soy una perra completamente diferente.<\/p>\n<p>Me encanta pasear y tumbarme al sol a partes iguales, el sof\u00e1 es mi debilidad y tambi\u00e9n soy una perra muy observadora (por no decir cotilla jeje). Me gusta mucho jugar y los mimos.<\/p>\n<p>Busco una familia que me sepa querer, respetar mi espacio y que me de la oportunidad de demostrar\u00a0como\u00a0soy.<\/p>\n<p>Pod\u00e9is encontrar m\u00e1s fotos e informaci\u00f3n en nuestras redes sociales:\u00a0@rescuegalicia<\/p>\n<ul class=\"wpuf_customs\">            <li class=\"wpuf-field-data wpuf-field-data-radio_field\">\n                                    <label>Tipo:<\/label>\n                                Perro            <\/li>\n                    <li class=\"wpuf-field-data wpuf-field-data-radio_field\">\n                                    <label>Es un perro:<\/label>\n                                Tranquilo            <\/li>\n                    <li class=\"wpuf-field-data wpuf-field-data-radio_field\">\n                                    <label>Amigable con perros:<\/label>\n                                Desconocido            <\/li>\n                    <li class=\"wpuf-field-data wpuf-field-data-radio_field\">\n                                    <label>Con personas extra\u00f1as:<\/label>\n                                Miedoso            <\/li>\n                    <li class=\"wpuf-field-data wpuf-field-data-radio_field\">\n                                    <label>Ladrador:<\/label>\n                                Calladito            <\/li>\n                    <li class=\"wpuf-field-data wpuf-field-data-radio_field\">\n                                    <label>Necesita licencia PPP:<\/label>\n                                SI            <\/li>\n                    <li class=\"wpuf-field-data wpuf-field-data-checkbox_field\">\n                                    <label>Enfermedades:<\/label>\n                                Ninguna            <\/li>\n                    <li class=\"wpuf-field-data wpuf-field-data-checkbox_field\">\n                                    <label>Se entrega:<\/label>\n                                Con cartilla sanitaria | Vacunado | Esterilizado | Desparasitado | Microchip            <\/li>\n                    <li class=\"wpuf-field-data wpuf-field-data-checkbox_field\">\n                                    <label>M\u00e1s informaci\u00f3n:<\/label>\n                                Bueno con ni\u00f1os | Bueno en casa | Bueno en el coche | Le gusta pasear | Obediente | Independiente            <\/li>\n                    <li class=\"wpuf-field-data wpuf-field-data-radio_field\">\n                                    <label>Se env\u00eda la mascota:<\/label>\n                                NO            <\/li>\n                    <li class=\"wpuf-field-data wpuf-field-data-radio_field\">\n                                    <label>Origen:<\/label>\n                                Asociaci\u00f3n            <\/li>\n        <li><label>Fecha de publicaci\u00f3n:<\/label> 15\/11\/2025 12:00<\/li>            <li class=\"wpuf-field-data wpuf-field-data-radio_field\">\n                                    <label>La mascota ha sido adoptada:<\/label>\n                                NO            <\/li>\n                    <li class=\"wpuf-field-data wpuf-field-data-email_address\">\n                                    <label>Direcci\u00f3n de correo:<\/label>\n                                <a href=\"mailto:rescuegalicia@gmail.com\">rescuegalicia@gmail.com<\/a>            <\/li>\n                    <li class=\"wpuf-field-data wpuf-field-data-numeric_text_field\">\n                                    <label>Tel\u00e9fono:<\/label>\n                                34653348573            <\/li>\n        <\/ul>","protected":false},"excerpt":{"rendered":"<p>Soy Troska, la perra m\u00e1s veterana del refugio y nadie entiende como sigo aqu\u00ed. Llegu\u00e9 de una situaci\u00f3n bastante cr\u00edtica, mi antiguo due\u00f1o me ten\u00eda en una finca a mi suerte y me tiraban comida a trav\u00e9s de una escalera. Estaba en muy mala forma f\u00edsica y en una finca llena de basura y en [&#8230;]\n","protected":false},"featured_media":48339,"template":"","meta":{"_acf_changed":false},"product_brand":[],"product_cat":[15,1000],"product_tag":[],"class_list":{"0":"post-48347","1":"product","2":"type-product","3":"status-publish","4":"has-post-thumbnail","6":"product_cat-adoptar_perro_adoptar_mascota","7":"product_cat-adoptar-perro-gato-adoptar-mascota-es","8":"pa_edad-c","9":"pa_fecha-nacimiento-ano-3400","10":"pa_fecha-nacimiento-mes-10-octubre","11":"pa_origen-rescue-galicia","12":"pa_provincia-pontevedra","13":"pa_raza-mestizo","14":"pa_sexo-hembra","15":"pa_tamano-d","17":"first","18":"instock","19":"taxable","20":"shipping-taxable","21":"product-type-simple"},"acf":[],"_links":{"self":[{"href":"https:\/\/www.wallamascotas.com\/web3\/wp-json\/wp\/v2\/product\/48347","targetHints":{"allow":["GET"]}}],"collection":[{"href":"https:\/\/www.wallamascotas.com\/web3\/wp-json\/wp\/v2\/product"}],"about":[{"href":"https:\/\/www.wallamascotas.com\/web3\/wp-json\/wp\/v2\/types\/product"}],"wp:featuredmedia":[{"embeddable":true,"href":"https:\/\/www.wallamascotas.com\/web3\/wp-json\/wp\/v2\/media\/48339"}],"wp:attachment":[{"href":"https:\/\/www.wallamascotas.com\/web3\/wp-json\/wp\/v2\/media?parent=48347"}],"wp:term":[{"taxonomy":"product_brand","embeddable":true,"href":"https:\/\/www.wallamascotas.com\/web3\/wp-json\/wp\/v2\/product_brand?post=48347"},{"taxonomy":"product_cat","embeddable":true,"href":"https:\/\/www.wallamascotas.com\/web3\/wp-json\/wp\/v2\/product_cat?post=48347"},{"taxonomy":"product_tag","embeddable":true,"href":"https:\/\/www.wallamascotas.com\/web3\/wp-json\/wp\/v2\/product_tag?post=48347"}],"curies":[{"name":"wp","href":"https:\/\/api.w.org\/{rel}","templated":true}]}}