{"id":49099,"date":"2026-01-08T12:19:07","date_gmt":"2026-01-08T12:19:07","guid":{"rendered":"https:\/\/www.wallamascotas.com\/web3\/?post_type=product&#038;p=49099"},"modified":"2026-01-08T12:19:08","modified_gmt":"2026-01-08T12:19:08","slug":"nit-barcelona","status":"publish","type":"product","link":"https:\/\/www.wallamascotas.com\/web3\/mascota\/nit-barcelona\/","title":{"rendered":"NIT"},"content":{"rendered":"<p><a href=\"https:\/\/www.wallamascotas.com\/web3\/wp-content\/uploads\/2026\/01\/u9937-Imagen-6-1-26-a-las-10.43.jpeg\"><img decoding=\"async\" class=\"attachment-thumbnail size-thumbnail\" src=\"https:\/\/www.wallamascotas.com\/web3\/wp-content\/uploads\/2026\/01\/u9937-Imagen-6-1-26-a-las-10.43-150x150.jpeg\" alt=\"\" \/><\/a><\/p>\n<p><b>Nit busca un hogar tranquilo<\/b><\/p>\n<p>Nit es una gatita muy cari\u00f1osa y tranquila. Es ciega y, aunque se esfuerza, no ha conseguido adaptarse a la casa grande en la que vivimos ahora. Llevamos m\u00e1s de un a\u00f1o aqu\u00ed y, debido a la desorientaci\u00f3n que le provoca el espacio, pasa gran parte del d\u00eda escondida debajo del sof\u00e1.<\/p>\n<p>Antes viv\u00edamos en un piso m\u00e1s peque\u00f1o, donde se desenvolv\u00eda con mucha m\u00e1s seguridad: sal\u00eda a jugar, se sub\u00eda al sof\u00e1 y paseaba tranquila por la casa. Por eso creemos que lo mejor para ella ser\u00eda un hogar m\u00e1s peque\u00f1o y calmado, donde pueda sentirse segura y confiada.<\/p>\n<p>Nit est\u00e1 castrada, vacunada y perfectamente cuidada. Llevamos juntas cuatro a\u00f1os y tomar la decisi\u00f3n de buscarle otra familia ha sido muy dif\u00edcil, pero su bienestar es lo m\u00e1s importante.<\/p>\n<p>Es una gata muy cari\u00f1osa, le encantan los mimos y las mantas peluditas. Al mismo tiempo, es tranquila e independiente, ideal para un hogar que valore la calma y el cari\u00f1o.<\/p>\n<p><a href=\"https:\/\/www.wallamascotas.com\/web3\/wp-content\/uploads\/2026\/01\/u9937-Imagen-6-1-26-a-las-10.41.jpeg\"><img decoding=\"async\" class=\"attachment-thumbnail size-thumbnail\" src=\"https:\/\/www.wallamascotas.com\/web3\/wp-content\/uploads\/2026\/01\/u9937-Imagen-6-1-26-a-las-10.41-150x150.jpeg\" alt=\"\" \/><\/a><\/p>\n<ul class=\"wpuf_customs\">            <li class=\"wpuf-field-data wpuf-field-data-radio_field\">\n                                    <label>Tipo:<\/label>\n                                Gato            <\/li>\n                    <li class=\"wpuf-field-data wpuf-field-data-radio_field\">\n                                    <label>Es un perro:<\/label>\n                                Tranquilo            <\/li>\n                    <li class=\"wpuf-field-data wpuf-field-data-radio_field\">\n                                    <label>Amigable con perros:<\/label>\n                                Es amigo de tod@s            <\/li>\n                    <li class=\"wpuf-field-data wpuf-field-data-radio_field\">\n                                    <label>Con personas extra\u00f1as:<\/label>\n                                Amigable            <\/li>\n                    <li class=\"wpuf-field-data wpuf-field-data-radio_field\">\n                                    <label>Ladrador:<\/label>\n                                Calladito            <\/li>\n                    <li class=\"wpuf-field-data wpuf-field-data-radio_field\">\n                                    <label>Necesita licencia PPP:<\/label>\n                                NO            <\/li>\n                    <li class=\"wpuf-field-data wpuf-field-data-checkbox_field\">\n                                    <label>Enfermedades:<\/label>\n                                Ninguna | Otra            <\/li>\n                    <li class=\"wpuf-field-data wpuf-field-data-checkbox_field\">\n                                    <label>Se entrega:<\/label>\n                                Con cartilla sanitaria | Vacunado | Esterilizado | Desparasitado | Microchip            <\/li>\n                    <li class=\"wpuf-field-data wpuf-field-data-checkbox_field\">\n                                    <label>M\u00e1s informaci\u00f3n:<\/label>\n                                Bueno con perros | Bueno con ni\u00f1os | Bueno en casa | Bueno en el coche | Independiente            <\/li>\n                    <li class=\"wpuf-field-data wpuf-field-data-radio_field\">\n                                    <label>Se env\u00eda la mascota:<\/label>\n                                SI            <\/li>\n                    <li class=\"wpuf-field-data wpuf-field-data-radio_field\">\n                                    <label>En caso de env\u00edo, detallar:<\/label>\n                                A otra CCAA espa\u00f1ola            <\/li>\n                    <li class=\"wpuf-field-data wpuf-field-data-radio_field\">\n                                    <label>Origen:<\/label>\n                                Particular            <\/li>\n        <li><label>Fecha de publicaci\u00f3n:<\/label> 06\/01\/2026 00:00<\/li>            <li class=\"wpuf-field-data wpuf-field-data-radio_field\">\n                                    <label>La mascota ha sido adoptada:<\/label>\n                                SI            <\/li>\n                    <li class=\"wpuf-field-data wpuf-field-data-email_address\">\n                                    <label>Direcci\u00f3n de correo:<\/label>\n                                <a href=\"mailto:sanchez.clara13@gmail.com\">sanchez.clara13@gmail.com<\/a>            <\/li>\n                    <li class=\"wpuf-field-data wpuf-field-data-numeric_text_field\">\n                                    <label>Tel\u00e9fono:<\/label>\n                                689379695            <\/li>\n        <\/ul>","protected":false},"excerpt":{"rendered":"<p>Nit busca un hogar tranquilo Nit es una gatita muy cari\u00f1osa y tranquila. Es ciega y, aunque se esfuerza, no ha conseguido adaptarse a la casa grande en la que vivimos ahora. Llevamos m\u00e1s de un a\u00f1o aqu\u00ed y, debido a la desorientaci\u00f3n que le provoca el espacio, pasa gran parte del d\u00eda escondida debajo [&#8230;]\n","protected":false},"featured_media":49096,"template":"","meta":{"_acf_changed":false},"product_brand":[],"product_cat":[16,1000],"product_tag":[],"class_list":{"0":"post-49099","1":"product","2":"type-product","3":"status-publish","4":"has-post-thumbnail","6":"product_cat-adoptargato","7":"product_cat-adoptar-perro-gato-adoptar-mascota-es","8":"pa_edad-b","9":"pa_fecha-nacimiento-ano-3443","10":"pa_fecha-nacimiento-mes-01-enero","11":"pa_provincia-barcelona","12":"pa_raza-gato-comun-europeo","13":"pa_sexo-hembra","14":"pa_tamano-c","16":"first","17":"instock","18":"taxable","19":"shipping-taxable","20":"product-type-simple"},"acf":[],"_links":{"self":[{"href":"https:\/\/www.wallamascotas.com\/web3\/wp-json\/wp\/v2\/product\/49099","targetHints":{"allow":["GET"]}}],"collection":[{"href":"https:\/\/www.wallamascotas.com\/web3\/wp-json\/wp\/v2\/product"}],"about":[{"href":"https:\/\/www.wallamascotas.com\/web3\/wp-json\/wp\/v2\/types\/product"}],"wp:featuredmedia":[{"embeddable":true,"href":"https:\/\/www.wallamascotas.com\/web3\/wp-json\/wp\/v2\/media\/49096"}],"wp:attachment":[{"href":"https:\/\/www.wallamascotas.com\/web3\/wp-json\/wp\/v2\/media?parent=49099"}],"wp:term":[{"taxonomy":"product_brand","embeddable":true,"href":"https:\/\/www.wallamascotas.com\/web3\/wp-json\/wp\/v2\/product_brand?post=49099"},{"taxonomy":"product_cat","embeddable":true,"href":"https:\/\/www.wallamascotas.com\/web3\/wp-json\/wp\/v2\/product_cat?post=49099"},{"taxonomy":"product_tag","embeddable":true,"href":"https:\/\/www.wallamascotas.com\/web3\/wp-json\/wp\/v2\/product_tag?post=49099"}],"curies":[{"name":"wp","href":"https:\/\/api.w.org\/{rel}","templated":true}]}}