{"id":49159,"date":"2026-01-12T09:19:51","date_gmt":"2026-01-12T09:19:51","guid":{"rendered":"https:\/\/www.wallamascotas.com\/web3\/?post_type=product&#038;p=49159"},"modified":"2026-01-12T09:19:52","modified_gmt":"2026-01-12T09:19:52","slug":"coco-burgos","status":"publish","type":"product","link":"https:\/\/www.wallamascotas.com\/web3\/mascota\/coco-burgos\/","title":{"rendered":"COCO"},"content":{"rendered":"<p>Si tuviera que elegir solo \u00a0una palabra para describir a mi peque\u00f1a, esa ser\u00eda MARAVILLOSA. Porque realmente es una perrita estupenda capaz de dar amor por encima de sus posibilidades. Coco es una mestiza de podenco de unos 28 kilos y manto dorado. Tiene un car\u00e1cter muy afable, es muy muy cari\u00f1osa, inteligente y juguetona. Suele llevarse bien con los dem\u00e1s perros y juega sin problemas, aunque tiene un fuerte instinto protector tanto de sus cuidadores como de sus juguetes o \u201csus palos\u201d, que manifiesta generalmente ladrando. Es una perrita obediente en la calle y en casa se porta fenomenal, tambi\u00e9n en el veterinario. Al principio puede mostrarse un tanto t\u00edmida o incluso temerosa ya que es un poco miedosa, pero cuando adquiere confianza es encantadora. Tiene mucha energ\u00eda, as\u00ed que buscamos una familia a la que le gusten los paseos largos y pasar tiempo en la naturaleza, pues est\u00e1 acostumbrada a hacer mucho ejercicio. Le encanta nadar, pero no en el mar, pues la playa irrita bastante su piel atopica, es una sirena de embalse. \u00a0De igual forma, le encanta pasar ratitos de mimos en el sof\u00e1 mientras te acompa\u00f1a cuando ves una peli o simplemente te acurrucas despu\u00e9s de comer. Es una compa\u00f1era fiel y entregada, te devuelve con creces el cari\u00f1o y atenci\u00f3n que le prestas cada d\u00eda.<\/p>\n<p>Goza en general de buena salud, es una perrita joven y fuerte pero precisa de su medicaci\u00f3n para la alergia para mantener la piel en \u00f3ptimas condiciones pues la suya es muy sensible; por lo dem\u00e1s, solo necesita sus vacunas anuales y pastillas para desparasitar al igual que el resto de los perros.<\/p>\n<p>Buscamos a una familia responsable y comprometida que pueda ofrecerle la vida que ella se merece y nosotros no podemos darle por motivos de salud; su \u201chermano\u201d humano ha empezado a presentar asma al cabo del primer a\u00f1o de adoptar a Coco, un asma cuya causa desconoc\u00edamos pues no se hab\u00eda presentado antes, y el cual no era posible controlar, llev\u00e1ndole incluso a ingresar en el hospital. Durante \u00a0el pasado a\u00f1o, emprendimos un arduo camino de pruebas m\u00e9dicas \u00a0con la esperanza de encontrar el factor desencadenante de dicha condici\u00f3n que deterioraba cada vez m\u00e1s la salud y calidad de vida del ni\u00f1o. Bajo la sospecha m\u00e9dica de que la causa pudiera estar relacionada con la presencia del animal, intentamos sin \u00e9xito asumir el control de la situaci\u00f3n a trav\u00e9s de m\u00faltiples tratamientos y altas dosis de medicaci\u00f3n con la intenci\u00f3n de manejar el asma que provocaba en el ni\u00f1o, pero a pesar de todo ello y de las exigentes medidas de higiene impuestas dentro de nuestro hogar (aspirado varias veces al d\u00eda con aparatos dotados de filtros hepa, purificadores de aire, lavado frecuente del animal, uso de lociones espec\u00edficas para disminuir la cantidad de caspa etc\u2026) no fuimos capaces de revertir la situaci\u00f3n. Solo tras eliminar el contacto entre ambos atendiendo al consejo de varios m\u00e9dicos distintos (temporalmente unos familiares se ofrecieron a acogerla) hemos conseguido mitigar la bronquitis aguda que ven\u00eda padeciendo desde entonces. Siendo as\u00ed, la dura realidad nos ha golpeado como una bofetada, mi hijo y mi peque\u00f1a no pueden cohabitar en el mismo espacio, de ah\u00ed esta petici\u00f3n de adopci\u00f3n, casi una s\u00faplica dirigida a un noble coraz\u00f3n que est\u00e9 dispuesto a disfrutar de mi Coquita y acompa\u00f1arla en la aventura de una nueva vida llena de esperanza y ausente de restricciones de abrazos por indicaci\u00f3n m\u00e9dica.<br \/>\nSe nos parte el alma al tener que tomar esta terriblemente dif\u00edcil decisi\u00f3n pero ambos tienen derecho a disfrutar de una vida completa y de calidad.<\/p>\n<p><a href=\"https:\/\/www.wallamascotas.com\/web3\/wp-content\/uploads\/2026\/01\/u9953-IMG_6108-scaled.jpeg\"><img decoding=\"async\" class=\"attachment-thumbnail size-thumbnail\" src=\"https:\/\/www.wallamascotas.com\/web3\/wp-content\/uploads\/2026\/01\/u9953-IMG_6108-150x150.jpeg\" alt=\"\" \/><\/a><a href=\"https:\/\/www.wallamascotas.com\/web3\/wp-content\/uploads\/2026\/01\/u9953-IMG_6307-scaled.jpeg\"><img decoding=\"async\" class=\"attachment-thumbnail size-thumbnail\" src=\"https:\/\/www.wallamascotas.com\/web3\/wp-content\/uploads\/2026\/01\/u9953-IMG_6307-150x150.jpeg\" alt=\"\" \/>\u00a0<\/a><a href=\"https:\/\/www.wallamascotas.com\/web3\/wp-content\/uploads\/2026\/01\/u9953-IMG_6431-1-scaled.jpeg\"><img decoding=\"async\" class=\"attachment-thumbnail size-thumbnail\" src=\"https:\/\/www.wallamascotas.com\/web3\/wp-content\/uploads\/2026\/01\/u9953-IMG_6431-1-150x150.jpeg\" alt=\"\" \/><\/a><\/p>\n<ul class=\"wpuf_customs\">            <li class=\"wpuf-field-data wpuf-field-data-radio_field\">\n                                    <label>Tipo:<\/label>\n                                Perro            <\/li>\n                    <li class=\"wpuf-field-data wpuf-field-data-radio_field\">\n                                    <label>Es un perro:<\/label>\n                                Cari\u00f1oso            <\/li>\n                    <li class=\"wpuf-field-data wpuf-field-data-radio_field\">\n                                    <label>Amigable con perros:<\/label>\n                                Es amigo de tod@s            <\/li>\n                    <li class=\"wpuf-field-data wpuf-field-data-radio_field\">\n                                    <label>Con personas extra\u00f1as:<\/label>\n                                Miedoso            <\/li>\n                    <li class=\"wpuf-field-data wpuf-field-data-radio_field\">\n                                    <label>Ladrador:<\/label>\n                                Con timbre y poco m\u00e1s            <\/li>\n                    <li class=\"wpuf-field-data wpuf-field-data-radio_field\">\n                                    <label>Necesita licencia PPP:<\/label>\n                                NO            <\/li>\n                    <li class=\"wpuf-field-data wpuf-field-data-checkbox_field\">\n                                    <label>Enfermedades:<\/label>\n                                Alergias            <\/li>\n                    <li class=\"wpuf-field-data wpuf-field-data-checkbox_field\">\n                                    <label>Se entrega:<\/label>\n                                Con cartilla sanitaria | Vacunado | Esterilizado | Desparasitado | Microchip            <\/li>\n                    <li class=\"wpuf-field-data wpuf-field-data-checkbox_field\">\n                                    <label>M\u00e1s informaci\u00f3n:<\/label>\n                                Bueno con perros | Bueno con gatos | Bueno en casa | Le gusta pasear | Obediente            <\/li>\n                    <li class=\"wpuf-field-data wpuf-field-data-radio_field\">\n                                    <label>Se env\u00eda la mascota:<\/label>\n                                NO            <\/li>\n                    <li class=\"wpuf-field-data wpuf-field-data-radio_field\">\n                                    <label>Origen:<\/label>\n                                Particular            <\/li>\n        <li><label>Fecha de publicaci\u00f3n:<\/label> 08\/01\/2026<\/li>            <li class=\"wpuf-field-data wpuf-field-data-radio_field\">\n                                    <label>La mascota ha sido adoptada:<\/label>\n                                NO            <\/li>\n                    <li class=\"wpuf-field-data wpuf-field-data-email_address\">\n                                    <label>Direcci\u00f3n de correo:<\/label>\n                                <a href=\"mailto:ebsantos83@gmail.com\">ebsantos83@gmail.com<\/a>            <\/li>\n                    <li class=\"wpuf-field-data wpuf-field-data-numeric_text_field\">\n                                    <label>Tel\u00e9fono:<\/label>\n                                697773772            <\/li>\n        <\/ul>","protected":false},"excerpt":{"rendered":"<p>Si tuviera que elegir solo \u00a0una palabra para describir a mi peque\u00f1a, esa ser\u00eda MARAVILLOSA. Porque realmente es una perrita estupenda capaz de dar amor por encima de sus posibilidades. Coco es una mestiza de podenco de unos 28 kilos y manto dorado. Tiene un car\u00e1cter muy afable, es muy muy cari\u00f1osa, inteligente y juguetona. [&#8230;]\n","protected":false},"featured_media":49155,"template":"","meta":{"_acf_changed":false},"product_brand":[],"product_cat":[15,1000],"product_tag":[],"class_list":{"0":"post-49159","1":"product","2":"type-product","3":"status-publish","4":"has-post-thumbnail","6":"product_cat-adoptar_perro_adoptar_mascota","7":"product_cat-adoptar-perro-gato-adoptar-mascota-es","8":"pa_edad-b","9":"pa_fecha-nacimiento-ano-3460","10":"pa_fecha-nacimiento-mes-07-julio","11":"pa_provincia-burgos","12":"pa_raza-mestizo","13":"pa_sexo-hembra","14":"pa_tamano-c","16":"first","17":"instock","18":"taxable","19":"shipping-taxable","20":"product-type-simple"},"acf":[],"_links":{"self":[{"href":"https:\/\/www.wallamascotas.com\/web3\/wp-json\/wp\/v2\/product\/49159","targetHints":{"allow":["GET"]}}],"collection":[{"href":"https:\/\/www.wallamascotas.com\/web3\/wp-json\/wp\/v2\/product"}],"about":[{"href":"https:\/\/www.wallamascotas.com\/web3\/wp-json\/wp\/v2\/types\/product"}],"wp:featuredmedia":[{"embeddable":true,"href":"https:\/\/www.wallamascotas.com\/web3\/wp-json\/wp\/v2\/media\/49155"}],"wp:attachment":[{"href":"https:\/\/www.wallamascotas.com\/web3\/wp-json\/wp\/v2\/media?parent=49159"}],"wp:term":[{"taxonomy":"product_brand","embeddable":true,"href":"https:\/\/www.wallamascotas.com\/web3\/wp-json\/wp\/v2\/product_brand?post=49159"},{"taxonomy":"product_cat","embeddable":true,"href":"https:\/\/www.wallamascotas.com\/web3\/wp-json\/wp\/v2\/product_cat?post=49159"},{"taxonomy":"product_tag","embeddable":true,"href":"https:\/\/www.wallamascotas.com\/web3\/wp-json\/wp\/v2\/product_tag?post=49159"}],"curies":[{"name":"wp","href":"https:\/\/api.w.org\/{rel}","templated":true}]}}