{"id":49330,"date":"2026-01-15T21:25:14","date_gmt":"2026-01-15T21:25:14","guid":{"rendered":"https:\/\/www.wallamascotas.com\/web3\/?post_type=product&#038;p=49330"},"modified":"2026-01-15T21:25:17","modified_gmt":"2026-01-15T21:25:17","slug":"simba-gerona-2","status":"publish","type":"product","link":"https:\/\/www.wallamascotas.com\/web3\/mascota\/simba-gerona-2\/","title":{"rendered":"SIMBA"},"content":{"rendered":"<p>Hola, me llamo Simba y convivo con humanos desde que era muy peque\u00f1o ya que con dos semanas de vida me recogieron de la calle con mi mam\u00e1 y mi hermanita Nala que tambi\u00e9n est\u00e1 en adopci\u00f3n. Soy un gato muy cari\u00f1oso y tranquilo, aunque al principio un poco desconfiado pero a la que te cojo confianza soy todo amor. Me encanta comer y jugar a juegos de inteligencia d\u00f3nde haya comida escondida. Tambi\u00e9n me gusta mucho perseguir cuerdas y objetos c\u00f3mo pelotas que dan vueltas y vueltas. Me encanta descansar en cuevas y espacios bien altos para poder controlar todo lo que hay a mi alrededor. De vez en cuando me acerco al humano y me pongo a su lado para que me haga mimitos. Tambi\u00e9n me gusta mucho que me cepillen y me rasquen la barriga. Soy todo un mimosito pero sin ser pegajoso.<\/p>\n<p>Mis humanos me quieren mucho pero por problemas familiares no me pueden tener m\u00e1s en casa as\u00ed que busco una nueva fam\u00edlia, junto a mi hermanita con la que somos inseparables, que me quiera igual o m\u00e1s. Me aceptas en la tuya?<a href=\"https:\/\/www.wallamascotas.com\/web3\/wp-content\/uploads\/2026\/01\/u9978-IMG_20221211_141441-scaled.jpg\"><img decoding=\"async\" class=\"attachment-thumbnail size-thumbnail aligncenter\" src=\"https:\/\/www.wallamascotas.com\/web3\/wp-content\/uploads\/2026\/01\/u9978-IMG_20221211_141441-150x150.jpg\" alt=\"\" \/><\/a><a href=\"https:\/\/www.wallamascotas.com\/web3\/wp-content\/uploads\/2026\/01\/u9978-IMG_20210819_224357-scaled.jpg\"><img decoding=\"async\" class=\"attachment-thumbnail size-thumbnail aligncenter\" src=\"https:\/\/www.wallamascotas.com\/web3\/wp-content\/uploads\/2026\/01\/u9978-IMG_20210819_224357-150x150.jpg\" alt=\"\" \/><\/a><a href=\"https:\/\/www.wallamascotas.com\/web3\/wp-content\/uploads\/2026\/01\/u9978-IMG_20220505_202258-scaled.jpg\"><img decoding=\"async\" class=\"attachment-thumbnail size-thumbnail aligncenter\" src=\"https:\/\/www.wallamascotas.com\/web3\/wp-content\/uploads\/2026\/01\/u9978-IMG_20220505_202258-150x150.jpg\" alt=\"\" \/><\/a><\/p>\n<ul class=\"wpuf_customs\">            <li class=\"wpuf-field-data wpuf-field-data-radio_field\">\n                                    <label>Tipo:<\/label>\n                                Gato            <\/li>\n                    <li class=\"wpuf-field-data wpuf-field-data-radio_field\">\n                                    <label>Es un perro:<\/label>\n                                Cari\u00f1oso            <\/li>\n                    <li class=\"wpuf-field-data wpuf-field-data-radio_field\">\n                                    <label>Amigable con perros:<\/label>\n                                Desconocido            <\/li>\n                    <li class=\"wpuf-field-data wpuf-field-data-radio_field\">\n                                    <label>Con personas extra\u00f1as:<\/label>\n                                Miedoso            <\/li>\n                    <li class=\"wpuf-field-data wpuf-field-data-radio_field\">\n                                    <label>Ladrador:<\/label>\n                                Desconocido            <\/li>\n                    <li class=\"wpuf-field-data wpuf-field-data-radio_field\">\n                                    <label>Necesita licencia PPP:<\/label>\n                                NO            <\/li>\n                    <li class=\"wpuf-field-data wpuf-field-data-checkbox_field\">\n                                    <label>Enfermedades:<\/label>\n                                Ninguna            <\/li>\n                    <li class=\"wpuf-field-data wpuf-field-data-checkbox_field\">\n                                    <label>Se entrega:<\/label>\n                                Con cartilla sanitaria | Vacunado | Esterilizado | Desparasitado | Microchip            <\/li>\n                    <li class=\"wpuf-field-data wpuf-field-data-checkbox_field\">\n                                    <label>M\u00e1s informaci\u00f3n:<\/label>\n                                Bueno con gatos | Bueno en casa | Independiente            <\/li>\n                    <li class=\"wpuf-field-data wpuf-field-data-radio_field\">\n                                    <label>Se env\u00eda la mascota:<\/label>\n                                SI            <\/li>\n                    <li class=\"wpuf-field-data wpuf-field-data-radio_field\">\n                                    <label>En caso de env\u00edo, detallar:<\/label>\n                                Dentro de la provincia            <\/li>\n                    <li class=\"wpuf-field-data wpuf-field-data-radio_field\">\n                                    <label>Origen:<\/label>\n                                Particular            <\/li>\n        <li><label>Fecha de publicaci\u00f3n:<\/label> 15\/01\/2026 00:00<\/li>            <li class=\"wpuf-field-data wpuf-field-data-radio_field\">\n                                    <label>La mascota ha sido adoptada:<\/label>\n                                NO            <\/li>\n                    <li class=\"wpuf-field-data wpuf-field-data-email_address\">\n                                    <label>Direcci\u00f3n de correo:<\/label>\n                                <a href=\"mailto:ruth.rs8@gmail.com\">ruth.rs8@gmail.com<\/a>            <\/li>\n        <\/ul>","protected":false},"excerpt":{"rendered":"<p>Hola, me llamo Simba y convivo con humanos desde que era muy peque\u00f1o ya que con dos semanas de vida me recogieron de la calle con mi mam\u00e1 y mi hermanita Nala que tambi\u00e9n est\u00e1 en adopci\u00f3n. Soy un gato muy cari\u00f1oso y tranquilo, aunque al principio un poco desconfiado pero a la que te [&#8230;]\n","protected":false},"featured_media":49324,"template":"","meta":{"_acf_changed":false},"product_brand":[],"product_cat":[16,1000],"product_tag":[],"class_list":{"0":"post-49330","1":"product","2":"type-product","3":"status-publish","4":"has-post-thumbnail","6":"product_cat-adoptargato","7":"product_cat-adoptar-perro-gato-adoptar-mascota-es","8":"pa_edad-b","9":"pa_fecha-nacimiento-ano-3397","10":"pa_fecha-nacimiento-mes-09-septiembre","11":"pa_provincia-gerona","12":"pa_raza-gato-siames","13":"pa_sexo-macho","14":"pa_tamano-c","16":"first","17":"instock","18":"taxable","19":"shipping-taxable","20":"product-type-simple"},"acf":[],"_links":{"self":[{"href":"https:\/\/www.wallamascotas.com\/web3\/wp-json\/wp\/v2\/product\/49330","targetHints":{"allow":["GET"]}}],"collection":[{"href":"https:\/\/www.wallamascotas.com\/web3\/wp-json\/wp\/v2\/product"}],"about":[{"href":"https:\/\/www.wallamascotas.com\/web3\/wp-json\/wp\/v2\/types\/product"}],"wp:featuredmedia":[{"embeddable":true,"href":"https:\/\/www.wallamascotas.com\/web3\/wp-json\/wp\/v2\/media\/49324"}],"wp:attachment":[{"href":"https:\/\/www.wallamascotas.com\/web3\/wp-json\/wp\/v2\/media?parent=49330"}],"wp:term":[{"taxonomy":"product_brand","embeddable":true,"href":"https:\/\/www.wallamascotas.com\/web3\/wp-json\/wp\/v2\/product_brand?post=49330"},{"taxonomy":"product_cat","embeddable":true,"href":"https:\/\/www.wallamascotas.com\/web3\/wp-json\/wp\/v2\/product_cat?post=49330"},{"taxonomy":"product_tag","embeddable":true,"href":"https:\/\/www.wallamascotas.com\/web3\/wp-json\/wp\/v2\/product_tag?post=49330"}],"curies":[{"name":"wp","href":"https:\/\/api.w.org\/{rel}","templated":true}]}}