{"id":49337,"date":"2026-01-16T09:24:12","date_gmt":"2026-01-16T09:24:12","guid":{"rendered":"https:\/\/www.wallamascotas.com\/web3\/?post_type=product&#038;p=49337"},"modified":"2026-01-16T09:24:14","modified_gmt":"2026-01-16T09:24:14","slug":"nala-gerona","status":"publish","type":"product","link":"https:\/\/www.wallamascotas.com\/web3\/mascota\/nala-gerona\/","title":{"rendered":"NALA"},"content":{"rendered":"<p>Hola, me llamo Nala y convivo con humanos desde que era muy peque\u00f1a, ya que con dos semanas de vida me recogieron\u00a0 de la calle con mi mam\u00e1 y mi hermanito Simba que tambi\u00e9n est\u00e1 en adopci\u00f3n. Soy una gata muy despierta, cari\u00f1osa y extrovertida, me encantan los juegos de cintas y pelotas d\u00f3nde tengo que perseguir y apresar. Adoro dormir en el regazo del humano o si es posible en sus pies, los abrazo y me duermo pl\u00e1cidamente mientras \u00e9l tambi\u00e9n descansa un ratito en el sof\u00e1. Soy cari\u00f1osa pero decido cu\u00e1ndo me pueden hacer mimitos, sobre todo cuando estoy en el regazo es cuando m\u00e1s me gusta. Si mi humano est\u00e1 haciendo cosas me gusta descansar en cuevas o lugares oscuros donde estoy m\u00e1s c\u00f3moda y nadie me molesta. Adem\u00e1s me encanta jugar con mi hermano Simba y es por eso que me gustar\u00eda ir a un nuevo hogar con \u00e9l.<\/p>\n<p>Mis humanos me quieren mucho pero por problemas familiares no me pueden tener m\u00e1s en casa as\u00ed que busco una nueva fam\u00edlia, junto a mi hermanito con el que somos inseparables, que me quiera igual o m\u00e1s. Me aceptas en la tuya?<\/p>\n<p><a href=\"https:\/\/www.wallamascotas.com\/web3\/wp-content\/uploads\/2026\/01\/u9978-IMG_20220409_120327-scaled.jpg\"><img decoding=\"async\" class=\"attachment-thumbnail size-thumbnail aligncenter\" src=\"https:\/\/www.wallamascotas.com\/web3\/wp-content\/uploads\/2026\/01\/u9978-IMG_20220409_120327-150x150.jpg\" alt=\"\" \/><\/a><a href=\"https:\/\/www.wallamascotas.com\/web3\/wp-content\/uploads\/2026\/01\/u9978-IMG_20221211_141441-1-scaled.jpg\"><img decoding=\"async\" class=\"attachment-thumbnail size-thumbnail aligncenter\" src=\"https:\/\/www.wallamascotas.com\/web3\/wp-content\/uploads\/2026\/01\/u9978-IMG_20221211_141441-1-150x150.jpg\" alt=\"\" \/><\/a><a href=\"https:\/\/www.wallamascotas.com\/web3\/wp-content\/uploads\/2026\/01\/u9978-IMG_20220830_172329-1-scaled.jpg\"><img decoding=\"async\" class=\"attachment-thumbnail size-thumbnail aligncenter\" src=\"https:\/\/www.wallamascotas.com\/web3\/wp-content\/uploads\/2026\/01\/u9978-IMG_20220830_172329-1-150x150.jpg\" alt=\"\" \/><\/a><a href=\"https:\/\/www.wallamascotas.com\/web3\/wp-content\/uploads\/2026\/01\/u9978-IMG_20220221_063901-scaled.jpg\"><img decoding=\"async\" class=\"attachment-thumbnail size-thumbnail aligncenter\" src=\"https:\/\/www.wallamascotas.com\/web3\/wp-content\/uploads\/2026\/01\/u9978-IMG_20220221_063901-150x150.jpg\" alt=\"\" \/><\/a><\/p>\n<ul class=\"wpuf_customs\">            <li class=\"wpuf-field-data wpuf-field-data-radio_field\">\n                                    <label>Tipo:<\/label>\n                                Gato            <\/li>\n                    <li class=\"wpuf-field-data wpuf-field-data-radio_field\">\n                                    <label>Es un perro:<\/label>\n                                Cari\u00f1oso            <\/li>\n                    <li class=\"wpuf-field-data wpuf-field-data-radio_field\">\n                                    <label>Amigable con perros:<\/label>\n                                Desconocido            <\/li>\n                    <li class=\"wpuf-field-data wpuf-field-data-radio_field\">\n                                    <label>Con personas extra\u00f1as:<\/label>\n                                Amigable            <\/li>\n                    <li class=\"wpuf-field-data wpuf-field-data-radio_field\">\n                                    <label>Ladrador:<\/label>\n                                Desconocido            <\/li>\n                    <li class=\"wpuf-field-data wpuf-field-data-radio_field\">\n                                    <label>Necesita licencia PPP:<\/label>\n                                NO            <\/li>\n                    <li class=\"wpuf-field-data wpuf-field-data-checkbox_field\">\n                                    <label>Enfermedades:<\/label>\n                                Ninguna            <\/li>\n                    <li class=\"wpuf-field-data wpuf-field-data-checkbox_field\">\n                                    <label>Se entrega:<\/label>\n                                Con cartilla sanitaria | Vacunado | Esterilizado | Desparasitado | Microchip            <\/li>\n                    <li class=\"wpuf-field-data wpuf-field-data-checkbox_field\">\n                                    <label>M\u00e1s informaci\u00f3n:<\/label>\n                                Bueno con gatos | Bueno en casa            <\/li>\n                    <li class=\"wpuf-field-data wpuf-field-data-radio_field\">\n                                    <label>Se env\u00eda la mascota:<\/label>\n                                SI            <\/li>\n                    <li class=\"wpuf-field-data wpuf-field-data-radio_field\">\n                                    <label>En caso de env\u00edo, detallar:<\/label>\n                                Dentro de la provincia            <\/li>\n                    <li class=\"wpuf-field-data wpuf-field-data-radio_field\">\n                                    <label>Origen:<\/label>\n                                Particular            <\/li>\n        <li><label>Fecha de publicaci\u00f3n:<\/label> 15\/01\/2026 00:00<\/li>            <li class=\"wpuf-field-data wpuf-field-data-radio_field\">\n                                    <label>La mascota ha sido adoptada:<\/label>\n                                NO            <\/li>\n                    <li class=\"wpuf-field-data wpuf-field-data-email_address\">\n                                    <label>Direcci\u00f3n de correo:<\/label>\n                                <a href=\"mailto:ruth.rs8@gmail.com\">ruth.rs8@gmail.com<\/a>            <\/li>\n        <\/ul>","protected":false},"excerpt":{"rendered":"<p>Hola, me llamo Nala y convivo con humanos desde que era muy peque\u00f1a, ya que con dos semanas de vida me recogieron\u00a0 de la calle con mi mam\u00e1 y mi hermanito Simba que tambi\u00e9n est\u00e1 en adopci\u00f3n. Soy una gata muy despierta, cari\u00f1osa y extrovertida, me encantan los juegos de cintas y pelotas d\u00f3nde tengo [&#8230;]\n","protected":false},"featured_media":49331,"template":"","meta":{"_acf_changed":false},"product_brand":[],"product_cat":[16,1000],"product_tag":[],"class_list":{"0":"post-49337","1":"product","2":"type-product","3":"status-publish","4":"has-post-thumbnail","6":"product_cat-adoptargato","7":"product_cat-adoptar-perro-gato-adoptar-mascota-es","8":"pa_edad-b","9":"pa_fecha-nacimiento-ano-3397","10":"pa_fecha-nacimiento-mes-09-septiembre","11":"pa_provincia-gerona","12":"pa_raza-gato-comun-europeo","13":"pa_sexo-hembra","14":"pa_tamano-c","16":"first","17":"instock","18":"taxable","19":"shipping-taxable","20":"product-type-simple"},"acf":[],"_links":{"self":[{"href":"https:\/\/www.wallamascotas.com\/web3\/wp-json\/wp\/v2\/product\/49337","targetHints":{"allow":["GET"]}}],"collection":[{"href":"https:\/\/www.wallamascotas.com\/web3\/wp-json\/wp\/v2\/product"}],"about":[{"href":"https:\/\/www.wallamascotas.com\/web3\/wp-json\/wp\/v2\/types\/product"}],"wp:featuredmedia":[{"embeddable":true,"href":"https:\/\/www.wallamascotas.com\/web3\/wp-json\/wp\/v2\/media\/49331"}],"wp:attachment":[{"href":"https:\/\/www.wallamascotas.com\/web3\/wp-json\/wp\/v2\/media?parent=49337"}],"wp:term":[{"taxonomy":"product_brand","embeddable":true,"href":"https:\/\/www.wallamascotas.com\/web3\/wp-json\/wp\/v2\/product_brand?post=49337"},{"taxonomy":"product_cat","embeddable":true,"href":"https:\/\/www.wallamascotas.com\/web3\/wp-json\/wp\/v2\/product_cat?post=49337"},{"taxonomy":"product_tag","embeddable":true,"href":"https:\/\/www.wallamascotas.com\/web3\/wp-json\/wp\/v2\/product_tag?post=49337"}],"curies":[{"name":"wp","href":"https:\/\/api.w.org\/{rel}","templated":true}]}}