{"id":50700,"date":"2026-02-20T19:57:31","date_gmt":"2026-02-20T19:57:31","guid":{"rendered":"https:\/\/www.wallamascotas.com\/web3\/?post_type=product&#038;p=50700"},"modified":"2026-02-20T19:57:33","modified_gmt":"2026-02-20T19:57:33","slug":"dumba","status":"publish","type":"product","link":"https:\/\/www.wallamascotas.com\/web3\/mascota\/dumba\/","title":{"rendered":"Dumba"},"content":{"rendered":"<p data-start=\"340\" data-end=\"437\">Se da en adopci\u00f3n <strong data-start=\"358\" data-end=\"367\">Dumba<\/strong>, una preciosa podenco de aproximadamente 3 a\u00f1os y unos 10 kg de peso.<\/p>\n<p data-start=\"439\" data-end=\"645\">Es una perrita <strong data-start=\"454\" data-end=\"492\">activa, inteligente y muy cari\u00f1osa<\/strong>, con el car\u00e1cter t\u00edpico de su raza: le encanta correr, explorar y disfrutar del aire libre. En casa tambi\u00e9n sabe estar tranquila y le gusta la compa\u00f1\u00eda.<\/p>\n<p data-start=\"647\" data-end=\"757\">\u2714\ufe0f Sociable con personas<br data-start=\"671\" data-end=\"674\" \/>\u2714\ufe0f Convive con otros perros<br data-start=\"701\" data-end=\"704\" \/>\u2714\ufe0f Ideal para alguien activo o con espacio exterior<\/p>\n<p data-start=\"759\" data-end=\"922\">Dumba necesita una familia <strong data-start=\"786\" data-end=\"837\">responsable, con tiempo y cari\u00f1o para dedicarle<\/strong>, que entienda las necesidades de los podencos (ejercicio, estimulaci\u00f3n y paciencia).<\/p>\n<p data-start=\"924\" data-end=\"956\">Se entrega con el compromiso de:<\/p>\n<ul data-start=\"957\" data-end=\"1025\">\n<li data-start=\"957\" data-end=\"980\">\n<p data-start=\"959\" data-end=\"980\">Buen trato y cuidados<\/p>\n<\/li>\n<li data-start=\"981\" data-end=\"1006\">\n<p data-start=\"983\" data-end=\"1006\">Seguimiento responsable<\/p>\n<\/li>\n<\/ul>\n<p data-start=\"983\" data-end=\"1006\"><a href=\"https:\/\/www.wallamascotas.com\/web3\/wp-content\/uploads\/2026\/02\/u10130-Imagen-de-WhatsApp-2025-08-07-a-las-13.22.30_83ab5359.jpg\"><img decoding=\"async\" class=\"attachment-thumbnail size-thumbnail\" src=\"https:\/\/www.wallamascotas.com\/web3\/wp-content\/uploads\/2026\/02\/u10130-Imagen-de-WhatsApp-2025-08-07-a-las-13.22.30_83ab5359-150x150.jpg\" alt=\"\" \/><\/a><\/p>\n<ul class=\"wpuf_customs\">            <li class=\"wpuf-field-data wpuf-field-data-radio_field\">\n                                    <label>Tipo:<\/label>\n                                Perro            <\/li>\n                    <li class=\"wpuf-field-data wpuf-field-data-radio_field\">\n                                    <label>Es un perro:<\/label>\n                                Cari\u00f1oso            <\/li>\n                    <li class=\"wpuf-field-data wpuf-field-data-radio_field\">\n                                    <label>Amigable con perros:<\/label>\n                                Es amigo de tod@s            <\/li>\n                    <li class=\"wpuf-field-data wpuf-field-data-radio_field\">\n                                    <label>Con personas extra\u00f1as:<\/label>\n                                Amigable            <\/li>\n                    <li class=\"wpuf-field-data wpuf-field-data-radio_field\">\n                                    <label>Ladrador:<\/label>\n                                Con timbre y poco m\u00e1s            <\/li>\n                    <li class=\"wpuf-field-data wpuf-field-data-radio_field\">\n                                    <label>Necesita licencia PPP:<\/label>\n                                NO            <\/li>\n                    <li class=\"wpuf-field-data wpuf-field-data-checkbox_field\">\n                                    <label>Enfermedades:<\/label>\n                                Ninguna            <\/li>\n                    <li class=\"wpuf-field-data wpuf-field-data-checkbox_field\">\n                                    <label>Se entrega:<\/label>\n                                Con cartilla sanitaria | Esterilizado | Microchip            <\/li>\n                    <li class=\"wpuf-field-data wpuf-field-data-checkbox_field\">\n                                    <label>M\u00e1s informaci\u00f3n:<\/label>\n                                Bueno con perros | Bueno con gatos | Bueno con ni\u00f1os | Bueno en casa | Bueno en el coche | Le gusta pasear | Escapista            <\/li>\n                    <li class=\"wpuf-field-data wpuf-field-data-radio_field\">\n                                    <label>Se env\u00eda la mascota:<\/label>\n                                SI            <\/li>\n                    <li class=\"wpuf-field-data wpuf-field-data-radio_field\">\n                                    <label>En caso de env\u00edo, detallar:<\/label>\n                                Dentro de la provincia            <\/li>\n                    <li class=\"wpuf-field-data wpuf-field-data-radio_field\">\n                                    <label>Origen:<\/label>\n                                Particular            <\/li>\n        <li><label>Fecha de publicaci\u00f3n:<\/label> 20\/02\/2026 19:42<\/li>            <li class=\"wpuf-field-data wpuf-field-data-radio_field\">\n                                    <label>La mascota ha sido adoptada:<\/label>\n                                NO            <\/li>\n                    <li class=\"wpuf-field-data wpuf-field-data-email_address\">\n                                    <label>Direcci\u00f3n de correo:<\/label>\n                                <a href=\"mailto:miguelmolinafernandez@gmail.com\">miguelmolinafernandez@gmail.com<\/a>            <\/li>\n                    <li class=\"wpuf-field-data wpuf-field-data-numeric_text_field\">\n                                    <label>Tel\u00e9fono:<\/label>\n                                673196591            <\/li>\n        <\/ul>","protected":false},"excerpt":{"rendered":"<p>Se da en adopci\u00f3n Dumba, una preciosa podenco de aproximadamente 3 a\u00f1os y unos 10 kg de peso. Es una perrita activa, inteligente y muy cari\u00f1osa, con el car\u00e1cter t\u00edpico de su raza: le encanta correr, explorar y disfrutar del aire libre. En casa tambi\u00e9n sabe estar tranquila y le gusta la compa\u00f1\u00eda. \u2714\ufe0f Sociable [&#8230;]\n","protected":false},"featured_media":50698,"template":"","meta":{"_acf_changed":false},"product_brand":[],"product_cat":[15,1000],"product_tag":[],"class_list":{"0":"post-50700","1":"product","2":"type-product","3":"status-publish","4":"has-post-thumbnail","6":"product_cat-adoptar_perro_adoptar_mascota","7":"product_cat-adoptar-perro-gato-adoptar-mascota-es","8":"pa_edad-b","9":"pa_fecha-nacimiento-ano-3460","10":"pa_fecha-nacimiento-mes-02-febrero","11":"pa_provincia-barcelona","12":"pa_raza-podenco","13":"pa_sexo-hembra","14":"pa_tamano-b","16":"first","17":"instock","18":"taxable","19":"shipping-taxable","20":"product-type-simple"},"acf":[],"_links":{"self":[{"href":"https:\/\/www.wallamascotas.com\/web3\/wp-json\/wp\/v2\/product\/50700","targetHints":{"allow":["GET"]}}],"collection":[{"href":"https:\/\/www.wallamascotas.com\/web3\/wp-json\/wp\/v2\/product"}],"about":[{"href":"https:\/\/www.wallamascotas.com\/web3\/wp-json\/wp\/v2\/types\/product"}],"wp:featuredmedia":[{"embeddable":true,"href":"https:\/\/www.wallamascotas.com\/web3\/wp-json\/wp\/v2\/media\/50698"}],"wp:attachment":[{"href":"https:\/\/www.wallamascotas.com\/web3\/wp-json\/wp\/v2\/media?parent=50700"}],"wp:term":[{"taxonomy":"product_brand","embeddable":true,"href":"https:\/\/www.wallamascotas.com\/web3\/wp-json\/wp\/v2\/product_brand?post=50700"},{"taxonomy":"product_cat","embeddable":true,"href":"https:\/\/www.wallamascotas.com\/web3\/wp-json\/wp\/v2\/product_cat?post=50700"},{"taxonomy":"product_tag","embeddable":true,"href":"https:\/\/www.wallamascotas.com\/web3\/wp-json\/wp\/v2\/product_tag?post=50700"}],"curies":[{"name":"wp","href":"https:\/\/api.w.org\/{rel}","templated":true}]}}