{"id":52377,"date":"2026-04-30T17:47:18","date_gmt":"2026-04-30T17:47:18","guid":{"rendered":"https:\/\/www.wallamascotas.com\/web3\/?post_type=product&#038;p=52377"},"modified":"2026-04-30T17:47:20","modified_gmt":"2026-04-30T17:47:20","slug":"eleonora","status":"publish","type":"product","link":"https:\/\/www.wallamascotas.com\/web3\/mascota\/eleonora\/","title":{"rendered":"Eleonora"},"content":{"rendered":"<p>COSME Y ELEONORA &#8211; EN ADOPCI\u00d3N<\/p>\n<p>Nacieron en una finca, en un sitio donde sobrevivir ya es una lucha desde el primer d\u00eda\u2026<br \/>\ny como tantos otros, se quedaron solos demasiado pronto \ud83d\udc94<\/p>\n<p>Pero aqu\u00ed est\u00e1n.<br \/>\nPeque\u00f1os, fr\u00e1giles, pero con una vida entera por delante.<\/p>\n<p>\ud83c\udf4a Cosme (naranjita) macho 2 meses<br \/>\n\ud83c\udf42 Eleonora (carey) hembra 2 meses<\/p>\n<p>Dos hermanitos que solo necesitan lo mismo que cualquier beb\u00e9:<br \/>\ncalor, cuidado\u2026 y una oportunidad \ud83c\udfe1\ud83e\udd0d<\/p>\n<p>Porque no importa d\u00f3nde nazcas,<br \/>\nsino qui\u00e9n te encuentre\u2026<\/p>\n<p>y lo que venga despu\u00e9s \u2728<\/p>\n<p>\u2708\ufe0f Est\u00e1n en Ciudad Real, pueden viajar. (Preferiblemente hay que venir a por ellos).<br \/>\n\u2728 Se dan en adopci\u00f3n conjunta o individual si ya hay uno, o m\u00e1s gatos en casa.<\/p>\n<p>\u2e3b<\/p>\n<p>\ud83d\udc3e \u00bfQuieres adoptar?<\/p>\n<p>Si est\u00e1s pensando en darles un hogar, escr\u00edbenos por privado o rellena nuestro formulario de adopci\u00f3n \ud83d\udcdd<\/p>\n<p>\ud83d\udc8c \u00bfNo puedes adoptar pero quieres ayudar?<\/p>\n<p>Difundir tambi\u00e9n salva vidas \ud83d\udcf2<\/p>\n<p>\ud83d\udcb3 C\u00f3mo ayudar<br \/>\n\u2022 Donaciones: +34 711 21 94 30<br \/>\n\u2022 Materiales: pienso, comida h\u00fameda, mantas, empapadores, transportines\u2026<br \/>\n\u2022 Voluntariado y casas de acogida \ud83c\udfe1<\/p>\n<p>Gracias por mirar con el coraz\u00f3n \ud83d\udc95<\/p>\n<p>#ayuda #gato #cat #espa\u00f1a azulrus<\/p>\n<ul class=\"wpuf_customs\">            <li class=\"wpuf-field-data wpuf-field-data-radio_field\">\n                                    <label>Tipo:<\/label>\n                                Gato            <\/li>\n                    <li class=\"wpuf-field-data wpuf-field-data-radio_field\">\n                                    <label>Es un perro:<\/label>\n                                Cari\u00f1oso            <\/li>\n                    <li class=\"wpuf-field-data wpuf-field-data-radio_field\">\n                                    <label>Amigable con perros:<\/label>\n                                Es amigo de tod@s            <\/li>\n                    <li class=\"wpuf-field-data wpuf-field-data-radio_field\">\n                                    <label>Con personas extra\u00f1as:<\/label>\n                                Amigable            <\/li>\n                    <li class=\"wpuf-field-data wpuf-field-data-radio_field\">\n                                    <label>Ladrador:<\/label>\n                                Calladito            <\/li>\n                    <li class=\"wpuf-field-data wpuf-field-data-radio_field\">\n                                    <label>Necesita licencia PPP:<\/label>\n                                NO            <\/li>\n                    <li class=\"wpuf-field-data wpuf-field-data-checkbox_field\">\n                                    <label>Enfermedades:<\/label>\n                                Ninguna            <\/li>\n                    <li class=\"wpuf-field-data wpuf-field-data-checkbox_field\">\n                                    <label>Se entrega:<\/label>\n                                Con cartilla sanitaria            <\/li>\n                    <li class=\"wpuf-field-data wpuf-field-data-checkbox_field\">\n                                    <label>M\u00e1s informaci\u00f3n:<\/label>\n                                Bueno con perros | Bueno con gatos | Bueno con ni\u00f1os | Bueno en casa | Bueno en el coche | Obediente            <\/li>\n                    <li class=\"wpuf-field-data wpuf-field-data-radio_field\">\n                                    <label>Se env\u00eda la mascota:<\/label>\n                                SI            <\/li>\n                    <li class=\"wpuf-field-data wpuf-field-data-radio_field\">\n                                    <label>En caso de env\u00edo, detallar:<\/label>\n                                A otra CCAA espa\u00f1ola            <\/li>\n                    <li class=\"wpuf-field-data wpuf-field-data-radio_field\">\n                                    <label>Origen:<\/label>\n                                Asociaci\u00f3n            <\/li>\n        <li><label>Fecha de publicaci\u00f3n:<\/label> 30\/04\/2026 12:45<\/li>            <li class=\"wpuf-field-data wpuf-field-data-radio_field\">\n                                    <label>La mascota ha sido adoptada:<\/label>\n                                NO            <\/li>\n                    <li class=\"wpuf-field-data wpuf-field-data-email_address\">\n                                    <label>Direcci\u00f3n de correo:<\/label>\n                                <a href=\"mailto:Katzenreichcats@outlook.com\">Katzenreichcats@outlook.com<\/a>            <\/li>\n                    <li class=\"wpuf-field-data wpuf-field-data-numeric_text_field\">\n                                    <label>Tel\u00e9fono:<\/label>\n                                711219430            <\/li>\n        <\/ul>","protected":false},"excerpt":{"rendered":"<p>COSME Y ELEONORA &#8211; EN ADOPCI\u00d3N Nacieron en una finca, en un sitio donde sobrevivir ya es una lucha desde el primer d\u00eda\u2026 y como tantos otros, se quedaron solos demasiado pronto \ud83d\udc94 Pero aqu\u00ed est\u00e1n. Peque\u00f1os, fr\u00e1giles, pero con una vida entera por delante. \ud83c\udf4a Cosme (naranjita) macho 2 meses \ud83c\udf42 Eleonora (carey) hembra [&#8230;]\n","protected":false},"featured_media":52376,"template":"","meta":{"_acf_changed":false},"product_brand":[],"product_cat":[16,1000],"product_tag":[],"class_list":{"0":"post-52377","1":"product","2":"type-product","3":"status-publish","4":"has-post-thumbnail","6":"product_cat-adoptargato","7":"product_cat-adoptar-perro-gato-adoptar-mascota-es","8":"pa_edad-a","9":"pa_fecha-nacimiento-ano-3537","10":"pa_fecha-nacimiento-mes-02-febrero","11":"pa_origen-katzenreich","12":"pa_provincia-ciudad-real","13":"pa_raza-gato-comun","14":"pa_sexo-hembra","15":"pa_tamano-a","17":"first","18":"instock","19":"taxable","20":"shipping-taxable","21":"product-type-simple"},"acf":[],"_links":{"self":[{"href":"https:\/\/www.wallamascotas.com\/web3\/wp-json\/wp\/v2\/product\/52377","targetHints":{"allow":["GET"]}}],"collection":[{"href":"https:\/\/www.wallamascotas.com\/web3\/wp-json\/wp\/v2\/product"}],"about":[{"href":"https:\/\/www.wallamascotas.com\/web3\/wp-json\/wp\/v2\/types\/product"}],"wp:featuredmedia":[{"embeddable":true,"href":"https:\/\/www.wallamascotas.com\/web3\/wp-json\/wp\/v2\/media\/52376"}],"wp:attachment":[{"href":"https:\/\/www.wallamascotas.com\/web3\/wp-json\/wp\/v2\/media?parent=52377"}],"wp:term":[{"taxonomy":"product_brand","embeddable":true,"href":"https:\/\/www.wallamascotas.com\/web3\/wp-json\/wp\/v2\/product_brand?post=52377"},{"taxonomy":"product_cat","embeddable":true,"href":"https:\/\/www.wallamascotas.com\/web3\/wp-json\/wp\/v2\/product_cat?post=52377"},{"taxonomy":"product_tag","embeddable":true,"href":"https:\/\/www.wallamascotas.com\/web3\/wp-json\/wp\/v2\/product_tag?post=52377"}],"curies":[{"name":"wp","href":"https:\/\/api.w.org\/{rel}","templated":true}]}}