{"id":54998,"date":"2026-09-01T18:57:46","date_gmt":"2026-09-01T18:57:46","guid":{"rendered":"https:\/\/www.wallamascotas.com\/web3\/?post_type=product&#038;p=54998"},"modified":"2026-09-01T18:57:47","modified_gmt":"2026-09-01T18:57:47","slug":"deriva","status":"publish","type":"product","link":"https:\/\/www.wallamascotas.com\/web3\/mascota\/deriva\/","title":{"rendered":"Deriva"},"content":{"rendered":"<p class=\"p1\"><span class=\"s1\"><a href=\"https:\/\/www.wallamascotas.com\/web3\/wp-content\/uploads\/2026\/09\/u10788-IMG_4406-scaled.jpeg\"><img decoding=\"async\" class=\"attachment-thumbnail size-thumbnail\" src=\"https:\/\/www.wallamascotas.com\/web3\/wp-content\/uploads\/2026\/09\/u10788-IMG_4406-150x150.jpeg\" alt=\"\" \/><\/a><a href=\"https:\/\/www.wallamascotas.com\/web3\/wp-content\/uploads\/2026\/09\/u10788-IMG_2418-scaled.jpeg\"><img decoding=\"async\" class=\"attachment-thumbnail size-thumbnail\" src=\"https:\/\/www.wallamascotas.com\/web3\/wp-content\/uploads\/2026\/09\/u10788-IMG_2418-150x150.jpeg\" alt=\"\" \/><\/a><\/span><\/p>\n<p class=\"p1\"><span class=\"s1\">Deriva es un gatito siam\u00e9s mestizo muy cari\u00f1oso que tiene 6 a\u00f1os y est\u00e1 castrado. Me lo dieron a las dos semanas de nacer y desde entonces siempre lo he tenido en casa, nunca ha convivido con otros gatos, s\u00ed con un perro pero muy poquito tiempo y se llevaron bien. Por motivos personales me voy fuera dos a\u00f1os y no se si volver\u00e9 y no me lo puedo llevar. Deriva es muy bueno y sobre todo es una gato muy muy cari\u00f1oso, es tambi\u00e9n muy tranquilo y se tira la mitad del d\u00eda sentado en el sof\u00e1, aunque a veces s\u00ed que le gusta jugar, no ara\u00f1a muebles ni sof\u00e1s, lo \u00fanico que le gusta es morder bolsas de pl\u00e1stico y cart\u00f3n.<\/span><\/p>\n<p class=\"p1\"><span class=\"s1\">Nombre: Deriva<\/span><\/p>\n<p class=\"p1\"><span class=\"s1\">Raza: siam\u00e9s mestizo<\/span><\/p>\n<p class=\"p1\"><span class=\"s1\">Capa: Blanco y gris <\/span><\/p>\n<p class=\"p1\"><span class=\"s1\">Castrado: si<\/span><\/p>\n<p class=\"p1\"><span class=\"s1\">Fecha de nacimiento: 19\/05\/2020<\/span><\/p>\n<p class=\"p1\"><span class=\"s1\">Peso: 5,5kg<\/span><\/p>\n<p class=\"p1\"><span class=\"s1\">Altura: 35cm<\/span><\/p>\n<p class=\"p1\"><span class=\"s1\">Comportamientos con perros: normal<\/span><\/p>\n<p class=\"p1\"><span class=\"s1\">Comportamientos con gatos: no se me ha dado esa situaci\u00f3n<\/span><\/p>\n<p class=\"p1\"><span class=\"s1\">Car\u00e1cter: muy cari\u00f1oso y tranquilo aunque a veces juguet\u00f3n <\/span><\/p>\n<p class=\"p1\"><span class=\"s1\">Historial m\u00e9dico: En estos seis a\u00f1os solo lo tuve que llevar al veterinario una vez para desparasitarlo, no ha tenido nada m\u00e1s<\/span><\/p>\n<p class=\"p1\"><span class=\"s1\">Vacunas: No<\/span><\/p>\n<p class=\"p1\"><span class=\"s1\">Microchip: No<\/span><\/p>\n<p class=\"p1\"><span class=\"s1\">Ciudad en la que se encuentra: Jumilla, Murcia<\/span><\/p>\n<p class=\"p1\"><span class=\"s1\">Tel\u00e9fono de contacto: 623 01 42 89<\/span><\/p>\n<ul class=\"wpuf_customs\">            <li class=\"wpuf-field-data wpuf-field-data-radio_field\">\n                                    <label>Tipo:<\/label>\n                                Gato            <\/li>\n                    <li class=\"wpuf-field-data wpuf-field-data-radio_field\">\n                                    <label>Es un perro:<\/label>\n                                Cari\u00f1oso            <\/li>\n                    <li class=\"wpuf-field-data wpuf-field-data-radio_field\">\n                                    <label>Amigable con perros:<\/label>\n                                Desconocido            <\/li>\n                    <li class=\"wpuf-field-data wpuf-field-data-radio_field\">\n                                    <label>Con personas extra\u00f1as:<\/label>\n                                Amigable            <\/li>\n                    <li class=\"wpuf-field-data wpuf-field-data-radio_field\">\n                                    <label>Ladrador:<\/label>\n                                Calladito            <\/li>\n                    <li class=\"wpuf-field-data wpuf-field-data-radio_field\">\n                                    <label>Necesita licencia PPP:<\/label>\n                                NO            <\/li>\n                    <li class=\"wpuf-field-data wpuf-field-data-checkbox_field\">\n                                    <label>Enfermedades:<\/label>\n                                Ninguna            <\/li>\n                    <li class=\"wpuf-field-data wpuf-field-data-checkbox_field\">\n                                    <label>Se entrega:<\/label>\n                                Esterilizado            <\/li>\n                    <li class=\"wpuf-field-data wpuf-field-data-checkbox_field\">\n                                    <label>M\u00e1s informaci\u00f3n:<\/label>\n                                Bueno con ni\u00f1os | Bueno en casa | Bueno en el coche | Obediente            <\/li>\n                    <li class=\"wpuf-field-data wpuf-field-data-radio_field\">\n                                    <label>Se env\u00eda la mascota:<\/label>\n                                SI            <\/li>\n                    <li class=\"wpuf-field-data wpuf-field-data-radio_field\">\n                                    <label>En caso de env\u00edo, detallar:<\/label>\n                                A otra CCAA espa\u00f1ola            <\/li>\n                    <li class=\"wpuf-field-data wpuf-field-data-radio_field\">\n                                    <label>Origen:<\/label>\n                                Particular            <\/li>\n        <li><label>Fecha de publicaci\u00f3n:<\/label> 9\/01\/2026<\/li>            <li class=\"wpuf-field-data wpuf-field-data-radio_field\">\n                                    <label>La mascota ha sido adoptada:<\/label>\n                                NO            <\/li>\n                    <li class=\"wpuf-field-data wpuf-field-data-email_address\">\n                                    <label>Direcci\u00f3n de correo:<\/label>\n                                <a href=\"mailto:munuera2006ama@gmail.com\">munuera2006ama@gmail.com<\/a>            <\/li>\n                    <li class=\"wpuf-field-data wpuf-field-data-numeric_text_field\">\n                                    <label>Tel\u00e9fono:<\/label>\n                                623014289            <\/li>\n        <\/ul>","protected":false},"excerpt":{"rendered":"<p>Deriva es un gatito siam\u00e9s mestizo muy cari\u00f1oso que tiene 6 a\u00f1os y est\u00e1 castrado. Me lo dieron a las dos semanas de nacer y desde entonces siempre lo he tenido en casa, nunca ha convivido con otros gatos, s\u00ed con un perro pero muy poquito tiempo y se llevaron bien. Por motivos personales me [&#8230;]\n","protected":false},"featured_media":54997,"template":"","meta":{"_acf_changed":false},"product_brand":[],"product_cat":[16,1000],"product_tag":[],"class_list":["post-54998","product","type-product","status-publish","has-post-thumbnail","product_cat-adoptargato","product_cat-adoptar-perro-gato-adoptar-mascota-es","pa_edad-b","pa_fecha-nacimiento-ano-3397","pa_fecha-nacimiento-mes-05-mayo","pa_provincia-murcia","pa_raza-mestizo","pa_sexo-macho","pa_tamano-c","first","instock","taxable","shipping-taxable","product-type-simple"],"acf":[],"_links":{"self":[{"href":"https:\/\/www.wallamascotas.com\/web3\/wp-json\/wp\/v2\/product\/54998","targetHints":{"allow":["GET"]}}],"collection":[{"href":"https:\/\/www.wallamascotas.com\/web3\/wp-json\/wp\/v2\/product"}],"about":[{"href":"https:\/\/www.wallamascotas.com\/web3\/wp-json\/wp\/v2\/types\/product"}],"wp:featuredmedia":[{"embeddable":true,"href":"https:\/\/www.wallamascotas.com\/web3\/wp-json\/wp\/v2\/media\/54997"}],"wp:attachment":[{"href":"https:\/\/www.wallamascotas.com\/web3\/wp-json\/wp\/v2\/media?parent=54998"}],"wp:term":[{"taxonomy":"product_brand","embeddable":true,"href":"https:\/\/www.wallamascotas.com\/web3\/wp-json\/wp\/v2\/product_brand?post=54998"},{"taxonomy":"product_cat","embeddable":true,"href":"https:\/\/www.wallamascotas.com\/web3\/wp-json\/wp\/v2\/product_cat?post=54998"},{"taxonomy":"product_tag","embeddable":true,"href":"https:\/\/www.wallamascotas.com\/web3\/wp-json\/wp\/v2\/product_tag?post=54998"}],"curies":[{"name":"wp","href":"https:\/\/api.w.org\/{rel}","templated":true}]}}