{"id":5586,"date":"2018-07-24T09:35:09","date_gmt":"2018-07-24T09:35:09","guid":{"rendered":"http:\/\/www.wallamascotas.com\/web3\/?post_type=product&#038;p=5586"},"modified":"2026-03-25T18:20:09","modified_gmt":"2026-03-25T18:20:09","slug":"frida-y-cachorros-2-meses-valencia","status":"publish","type":"product","link":"https:\/\/www.wallamascotas.com\/web3\/mascota\/frida-y-cachorros-2-meses-valencia\/","title":{"rendered":"FRIDA Y CACHORROS \u2013 2 MESES"},"content":{"rendered":"<p><span style=\"color: #33cccc; font-size: 130%;\"><strong>ADOPTADOS<\/strong><\/span><\/p>\n<p style=\"text-align: justify;\">Frida, una preciosa galga v\u00edctima de un destino muy cruel, consigui\u00f3 escapar y dar a luz a sus ocho peque\u00f1ajos (nacidos 07\/05\/18) en una madriguera cercana a una carretera concurrida. Las buenas gentes que la descubrieron se pusieron enseguida manos a la obra y hemos conseguido que se vinieran de muy lejos hasta la paz y la tranquilidad de nuestro refugio. Aqu\u00ed se est\u00e1n haciendo unos preciosos cachorros y Frida est\u00e1 consiguiendo curar heridas del alma y del cuerpo y sentirse querida y protegida por fin. Los peques son, como todos los cachorros, alegres y bulliciosos, cari\u00f1osos y juguetones. Frida es tranquila, obediente, paciente, mimosa cuando se puede relajar, no le interesa nada la caza, pues ya hemos comprobado que no hace menci\u00f3n de ir detr\u00e1s de gatos ni conejos\u2026. estamos disfrutando todo lo que podemos de su grata compa\u00f1\u00eda, aqu\u00ed en la protectora, pero aun nos quedan 6 (tres hembras y tres machos) y no nos gustar\u00eda, no ser\u00eda justo que se hicieran adultos en la protectora. Est\u00e1n a la espera de ser vacunados para\u00a0 poder irse con una bonita familia que los quiera adoptar. Ya tienen la primera vacuna puppy de las tres.<\/p>\n<p style=\"text-align: justify;\">De adultos pesar\u00e1n entre 20\/25kg aproximadamente.<\/p>\n<p style=\"text-align: justify;\">Pertenecen a una protectora de Valencia, solo se entregan a personas responsables con contrato de adopci\u00f3n, es decir( esterilizados cuando tengan la edad, con las vacunas pertinentes, con chip y pasaporte). para m\u00e1s informaci\u00f3n del proceso de adopci\u00f3n tanto para Frida como sus cachorros, imprescindible contactar por tel\u00e9fono. Gracias.<\/p>\n","protected":false},"excerpt":{"rendered":"<p style=\"text-align: justify;\"><span style=\"color: #33cccc;\"><strong>ADOPTADOS.<\/strong><\/span> Encantadores<\/p>\n","protected":false},"featured_media":0,"template":"","meta":{"_acf_changed":false},"product_brand":[],"product_cat":[51,1000],"product_tag":[],"class_list":{"0":"post-5586","1":"product","2":"type-product","3":"status-publish","5":"product_cat-adoptados","6":"product_cat-adoptar-perro-gato-adoptar-mascota-es","7":"pa_chip-si","8":"pa_fecha-alta-24-07-2018","9":"pa_origen-protectora-sos-animales-sagunto","10":"pa_pais-espana","11":"pa_provincia-valencia","12":"pa_sexo-hembra","13":"pa_sexo-macho","14":"pa_tamano-d","16":"first","17":"instock","18":"taxable","19":"shipping-taxable","20":"product-type-simple"},"acf":[],"_links":{"self":[{"href":"https:\/\/www.wallamascotas.com\/web3\/wp-json\/wp\/v2\/product\/5586","targetHints":{"allow":["GET"]}}],"collection":[{"href":"https:\/\/www.wallamascotas.com\/web3\/wp-json\/wp\/v2\/product"}],"about":[{"href":"https:\/\/www.wallamascotas.com\/web3\/wp-json\/wp\/v2\/types\/product"}],"wp:attachment":[{"href":"https:\/\/www.wallamascotas.com\/web3\/wp-json\/wp\/v2\/media?parent=5586"}],"wp:term":[{"taxonomy":"product_brand","embeddable":true,"href":"https:\/\/www.wallamascotas.com\/web3\/wp-json\/wp\/v2\/product_brand?post=5586"},{"taxonomy":"product_cat","embeddable":true,"href":"https:\/\/www.wallamascotas.com\/web3\/wp-json\/wp\/v2\/product_cat?post=5586"},{"taxonomy":"product_tag","embeddable":true,"href":"https:\/\/www.wallamascotas.com\/web3\/wp-json\/wp\/v2\/product_tag?post=5586"}],"curies":[{"name":"wp","href":"https:\/\/api.w.org\/{rel}","templated":true}]}}