{"id":7075,"date":"2018-10-08T07:29:25","date_gmt":"2018-10-08T07:29:25","guid":{"rendered":"http:\/\/www.wallamascotas.com\/web3\/?post_type=product&#038;p=7075"},"modified":"2026-03-25T18:20:09","modified_gmt":"2026-03-25T18:20:09","slug":"charlie-zaragoza","status":"publish","type":"product","link":"https:\/\/www.wallamascotas.com\/web3\/mascota\/charlie-zaragoza\/","title":{"rendered":"CHARLIE"},"content":{"rendered":"<p><a href=\"http:\/\/www.wallamascotas.com\/web3\/wp-content\/uploads\/2018\/10\/banner_publicidad_wallamascotas_colabora2-1.jpg\"><img loading=\"lazy\" decoding=\"async\" class=\"alignnone size-full wp-image-7248\" src=\"http:\/\/www.wallamascotas.com\/web3\/wp-content\/uploads\/2018\/10\/banner_publicidad_wallamascotas_colabora2-1.jpg\" alt=\"\" width=\"750\" height=\"220\" \/><\/a><\/p>\n<p><span style=\"color: #33cccc; font-size: 130%;\"><strong>ADOPTADO<\/strong><\/span><\/p>\n<p>CHARLIE EN ADOPCI\u00d3N Charlie puede que sea el gato m\u00e1s tranquilo y mimoso de los que han pasado por el Refu. Es un precioso gato de pelo largo que se ha criado en la calle, en el porche de la casa de sus due\u00f1os, y cuando decidieron marcharse dej\u00e1ndolo all\u00ed, la madre de una compa\u00f1era le habilit\u00f3 un sitio seguro en su porche y cuidaba de \u00e9l, ahora mismo est\u00e1 en una casa de acogida esperando a su nueva familia para recibir y dar todos los mimos del mundo. Su tiempo se acaba \u00bfQuieres ser su compa\u00f1ero de sof\u00e1 y mantita? \u00bfQuieres conocerle?<\/p>\n<p><a href=\"http:\/\/www.wallamascotas.com\/web3\/wp-content\/uploads\/2018\/10\/banner_publicidad_wallamascotas_no_compres-1.jpg\"><img loading=\"lazy\" decoding=\"async\" class=\"alignnone size-full wp-image-7183\" src=\"http:\/\/www.wallamascotas.com\/web3\/wp-content\/uploads\/2018\/10\/banner_publicidad_wallamascotas_no_compres-1.jpg\" alt=\"\" width=\"750\" height=\"140\" srcset=\"https:\/\/www.wallamascotas.com\/web3\/wp-content\/uploads\/2018\/10\/banner_publicidad_wallamascotas_no_compres-1.jpg 750w, https:\/\/www.wallamascotas.com\/web3\/wp-content\/uploads\/2018\/10\/banner_publicidad_wallamascotas_no_compres-1-300x56.jpg 300w, https:\/\/www.wallamascotas.com\/web3\/wp-content\/uploads\/2018\/10\/banner_publicidad_wallamascotas_no_compres-1-600x112.jpg 600w\" sizes=\"auto, (max-width: 750px) 100vw, 750px\" \/><\/a><\/p>\n<p><a href=\"http:\/\/www.wallamascotas.com\/web3\/wp-content\/uploads\/2018\/10\/banner_colabora.jpg\"><img loading=\"lazy\" decoding=\"async\" class=\"alignnone size-full wp-image-7179\" src=\"http:\/\/www.wallamascotas.com\/web3\/wp-content\/uploads\/2018\/10\/banner_colabora.jpg\" alt=\"\" width=\"750\" height=\"140\" srcset=\"https:\/\/www.wallamascotas.com\/web3\/wp-content\/uploads\/2018\/10\/banner_colabora.jpg 750w, https:\/\/www.wallamascotas.com\/web3\/wp-content\/uploads\/2018\/10\/banner_colabora-300x56.jpg 300w, https:\/\/www.wallamascotas.com\/web3\/wp-content\/uploads\/2018\/10\/banner_colabora-600x112.jpg 600w\" sizes=\"auto, (max-width: 750px) 100vw, 750px\" \/><\/a><\/p>\n","protected":false},"excerpt":{"rendered":"<p style=\"text-align: justify;\"><span style=\"color: #33cccc;\"><strong>ADOPTADO.<\/strong><\/span> Tranquilo y mimoso<\/p>\n","protected":false},"featured_media":0,"template":"","meta":{"_acf_changed":false},"product_brand":[],"product_cat":[51,1000],"product_tag":[],"class_list":{"0":"post-7075","1":"product","2":"type-product","3":"status-publish","5":"product_cat-adoptados","6":"product_cat-adoptar-perro-gato-adoptar-mascota-es","7":"pa_chip-no","8":"pa_fecha-alta-08-10-2018","9":"pa_origen-bigotes-callejeros","10":"pa_pais-espana","11":"pa_provincia-zaragoza","12":"pa_sexo-macho","13":"pa_tamano-c","15":"first","16":"instock","17":"taxable","18":"shipping-taxable","19":"product-type-simple"},"acf":[],"_links":{"self":[{"href":"https:\/\/www.wallamascotas.com\/web3\/wp-json\/wp\/v2\/product\/7075","targetHints":{"allow":["GET"]}}],"collection":[{"href":"https:\/\/www.wallamascotas.com\/web3\/wp-json\/wp\/v2\/product"}],"about":[{"href":"https:\/\/www.wallamascotas.com\/web3\/wp-json\/wp\/v2\/types\/product"}],"wp:attachment":[{"href":"https:\/\/www.wallamascotas.com\/web3\/wp-json\/wp\/v2\/media?parent=7075"}],"wp:term":[{"taxonomy":"product_brand","embeddable":true,"href":"https:\/\/www.wallamascotas.com\/web3\/wp-json\/wp\/v2\/product_brand?post=7075"},{"taxonomy":"product_cat","embeddable":true,"href":"https:\/\/www.wallamascotas.com\/web3\/wp-json\/wp\/v2\/product_cat?post=7075"},{"taxonomy":"product_tag","embeddable":true,"href":"https:\/\/www.wallamascotas.com\/web3\/wp-json\/wp\/v2\/product_tag?post=7075"}],"curies":[{"name":"wp","href":"https:\/\/api.w.org\/{rel}","templated":true}]}}